{"id":1917,"date":"2024-11-20T09:35:57","date_gmt":"2024-11-20T09:35:57","guid":{"rendered":"https:\/\/agir10.org\/cartographie\/?page_id=1917"},"modified":"2026-01-12T11:16:19","modified_gmt":"2026-01-12T11:16:19","slug":"epicerie-solidaire","status":"publish","type":"page","link":"https:\/\/agir10.org\/cartographie\/?page_id=1917","title":{"rendered":"Epicerie solidaire"},"content":{"rendered":"\t\t<div data-elementor-type=\"wp-page\" data-elementor-id=\"1917\" class=\"elementor elementor-1917\">\n\t\t\t\t<div class=\"elementor-element elementor-element-5bc251b e-flex e-con-boxed e-con e-parent\" data-id=\"5bc251b\" data-element_type=\"container\" data-e-type=\"container\">\n\t\t\t\t\t<div class=\"e-con-inner\">\n\t\t\t\t<div class=\"elementor-element elementor-element-00597a8 elementor-widget elementor-widget-heading\" data-id=\"00597a8\" data-element_type=\"widget\" data-e-type=\"widget\" data-widget_type=\"heading.default\">\n\t\t\t\t<div class=\"elementor-widget-container\">\n\t\t\t\t\t<h2 class=\"elementor-heading-title elementor-size-default\">Epiceries solidaires<\/h2>\t\t\t\t<\/div>\n\t\t\t\t<\/div>\n\t\t\t\t\t<\/div>\n\t\t\t\t<\/div>\n\t\t<div class=\"elementor-element elementor-element-6f28c32 e-flex e-con-boxed e-con e-parent\" data-id=\"6f28c32\" data-element_type=\"container\" data-e-type=\"container\">\n\t\t\t\t\t<div class=\"e-con-inner\">\n\t\t<div class=\"elementor-element elementor-element-9aa7f8e e-con-full e-flex e-con e-child\" data-id=\"9aa7f8e\" data-element_type=\"container\" data-e-type=\"container\" data-settings=\"{&quot;background_background&quot;:&quot;classic&quot;}\">\n\t\t<div class=\"elementor-element elementor-element-17dcb5c e-con-full e-flex e-con e-child\" data-id=\"17dcb5c\" data-element_type=\"container\" data-e-type=\"container\" data-settings=\"{&quot;background_background&quot;:&quot;classic&quot;}\">\n\t\t\t\t<div class=\"elementor-element elementor-element-19c9175 elementor-widget elementor-widget-heading\" data-id=\"19c9175\" data-element_type=\"widget\" data-e-type=\"widget\" data-widget_type=\"heading.default\">\n\t\t\t\t<div class=\"elementor-widget-container\">\n\t\t\t\t\t<h6 class=\"elementor-heading-title elementor-size-default\"><a href=\"http:\/\/-\">SOCIAL \u2013 AIDE ALIMENTAIRE ET VESTIAIRE<\/a><\/h6>\t\t\t\t<\/div>\n\t\t\t\t<\/div>\n\t\t\t\t<\/div>\n\t\t\t\t<\/div>\n\t\t<div class=\"elementor-element elementor-element-af803aa e-con-full e-flex e-con e-child\" data-id=\"af803aa\" data-element_type=\"container\" data-e-type=\"container\" data-settings=\"{&quot;background_background&quot;:&quot;classic&quot;}\">\n\t\t<div class=\"elementor-element elementor-element-e4cf43d e-con-full e-flex e-con e-child\" data-id=\"e4cf43d\" data-element_type=\"container\" data-e-type=\"container\" data-settings=\"{&quot;background_background&quot;:&quot;classic&quot;}\">\n\t\t\t\t<div class=\"elementor-element elementor-element-6de94a4 elementor-widget elementor-widget-heading\" data-id=\"6de94a4\" data-element_type=\"widget\" data-e-type=\"widget\" data-widget_type=\"heading.default\">\n\t\t\t\t<div class=\"elementor-widget-container\">\n\t\t\t\t\t<h6 class=\"elementor-heading-title elementor-size-default\">Contacts<\/h6>\t\t\t\t<\/div>\n\t\t\t\t<\/div>\n\t\t\t\t<div class=\"elementor-element elementor-element-93616e3 elementor-widget elementor-widget-text-editor\" data-id=\"93616e3\" data-element_type=\"widget\" data-e-type=\"widget\" data-widget_type=\"text-editor.default\">\n\t\t\t\t<div class=\"elementor-widget-container\">\n\t\t\t\t\t\t\t\t\t<h4 class=\"BK5CCe cS4Vcb-pGL6qe-fwJd0c\">Epicerie sociale Simone Lacl\u00e9mence<\/h4><p>03 25 49 811 05<\/p><p>14 Rue L\u00e9o Lagrange, 10600 La Chapelle-Saint-Luc<\/p>\t\t\t\t\t\t\t\t<\/div>\n\t\t\t\t<\/div>\n\t\t\t\t<\/div>\n\t\t\t\t<\/div>\n\t\t<div class=\"elementor-element elementor-element-c716946 e-con-full e-flex e-con e-child\" data-id=\"c716946\" data-element_type=\"container\" data-e-type=\"container\" data-settings=\"{&quot;background_background&quot;:&quot;classic&quot;}\">\n\t\t<div class=\"elementor-element elementor-element-49a9025 e-con-full e-flex e-con e-child\" data-id=\"49a9025\" data-element_type=\"container\" data-e-type=\"container\" data-settings=\"{&quot;background_background&quot;:&quot;classic&quot;}\">\n\t\t\t\t<div class=\"elementor-element elementor-element-9ace5e5 elementor-widget elementor-widget-heading\" data-id=\"9ace5e5\" data-element_type=\"widget\" data-e-type=\"widget\" data-widget_type=\"heading.default\">\n\t\t\t\t<div class=\"elementor-widget-container\">\n\t\t\t\t\t<h6 class=\"elementor-heading-title elementor-size-default\">Horaires<\/h6>\t\t\t\t<\/div>\n\t\t\t\t<\/div>\n\t\t\t\t<div class=\"elementor-element elementor-element-24dbd6e elementor-widget elementor-widget-text-editor\" data-id=\"24dbd6e\" data-element_type=\"widget\" data-e-type=\"widget\" data-widget_type=\"text-editor.default\">\n\t\t\t\t<div class=\"elementor-widget-container\">\n\t\t\t\t\t\t\t\t\t<p>Le lundi et jeudi : 13h &#8211; 17h<\/p>\t\t\t\t\t\t\t\t<\/div>\n\t\t\t\t<\/div>\n\t\t\t\t<\/div>\n\t\t\t\t<\/div>\n\t\t<div class=\"elementor-element elementor-element-9a65298 e-con-full e-flex e-con e-child\" data-id=\"9a65298\" data-element_type=\"container\" data-e-type=\"container\" data-settings=\"{&quot;background_background&quot;:&quot;classic&quot;}\">\n\t\t<div class=\"elementor-element elementor-element-9690b19 e-con-full e-flex e-con e-child\" data-id=\"9690b19\" data-element_type=\"container\" data-e-type=\"container\" data-settings=\"{&quot;background_background&quot;:&quot;classic&quot;}\">\n\t\t\t\t<div class=\"elementor-element elementor-element-5cc60af elementor-widget elementor-widget-heading\" data-id=\"5cc60af\" data-element_type=\"widget\" data-e-type=\"widget\" data-widget_type=\"heading.default\">\n\t\t\t\t<div class=\"elementor-widget-container\">\n\t\t\t\t\t<h6 class=\"elementor-heading-title elementor-size-default\">Services \/ dispositifs\u200b<\/h6>\t\t\t\t<\/div>\n\t\t\t\t<\/div>\n\t\t\t\t<div class=\"elementor-element elementor-element-79b31bb elementor-widget__width-initial elementor-widget elementor-widget-text-editor\" data-id=\"79b31bb\" data-element_type=\"widget\" data-e-type=\"widget\" data-widget_type=\"text-editor.default\">\n\t\t\t\t<div class=\"elementor-widget-container\">\n\t\t\t\t\t\t\t\t\t<p>L\u2019\u00e9picerie sociale Simone Lacl\u00e9mence permet d\u2019apporter une aide alimentaire temporaire aux personnes en situation de difficult\u00e9, par la mise \u00e0 disposition de produits de premi\u00e8re n\u00e9cessit\u00e9 moyennant une participation financi\u00e8re symbolique.<br data-start=\"524\" data-end=\"527\" \/>Les produits sont principalement fournis par la Banque Alimentaire, compl\u00e9t\u00e9s par des achats r\u00e9alis\u00e9s par le CMAS.<br \/><br data-start=\"649\" data-end=\"652\" \/>Au-del\u00e0 de l\u2019aide mat\u00e9rielle, l\u2019\u00e9picerie vise \u00e0 lutter contre l\u2019exclusion et la pr\u00e9carit\u00e9, \u00e0 pr\u00e9server la dignit\u00e9 des personnes et \u00e0 favoriser le lien social autour de l\u2019alimentation.<\/p>\t\t\t\t\t\t\t\t<\/div>\n\t\t\t\t<\/div>\n\t\t\t\t<\/div>\n\t\t\t\t<\/div>\n\t\t<div class=\"elementor-element elementor-element-68d7ff6 e-con-full e-flex e-con e-child\" data-id=\"68d7ff6\" data-element_type=\"container\" data-e-type=\"container\" data-settings=\"{&quot;background_background&quot;:&quot;classic&quot;}\">\n\t\t<div class=\"elementor-element elementor-element-b1b203a e-con-full e-flex e-con e-child\" data-id=\"b1b203a\" data-element_type=\"container\" data-e-type=\"container\" data-settings=\"{&quot;background_background&quot;:&quot;classic&quot;}\">\n\t\t\t\t<div class=\"elementor-element elementor-element-5acdb50 elementor-widget elementor-widget-heading\" data-id=\"5acdb50\" data-element_type=\"widget\" data-e-type=\"widget\" data-widget_type=\"heading.default\">\n\t\t\t\t<div class=\"elementor-widget-container\">\n\t\t\t\t\t<h6 class=\"elementor-heading-title elementor-size-default\">Conditions d'acc\u00e8s et fonctionnement\u200b<\/h6>\t\t\t\t<\/div>\n\t\t\t\t<\/div>\n\t\t\t\t<div class=\"elementor-element elementor-element-a866668 elementor-widget__width-initial elementor-widget elementor-widget-text-editor\" data-id=\"a866668\" data-element_type=\"widget\" data-e-type=\"widget\" data-widget_type=\"text-editor.default\">\n\t\t\t\t<div class=\"elementor-widget-container\">\n\t\t\t\t\t\t\t\t\t<p>L\u2019acc\u00e8s \u00e0 l\u2019\u00e9picerie sociale est conditionn\u00e9 \u00e0 une orientation par les services du CMAS, apr\u00e8s instruction du dossier.<br data-start=\"1020\" data-end=\"1023\" \/>L\u2019aide est limit\u00e9e dans le temps et s\u2019inscrit dans un accompagnement global.<br data-start=\"1103\" data-end=\"1106\" \/>L\u2019\u00e9picerie organise \u00e9galement des actions collectives r\u00e9serv\u00e9es aux adh\u00e9rents (\u00e9v\u00e9nements conviviaux, ateliers cuisine, temps collectifs), contribuant \u00e0 la socialisation et \u00e0 la remobilisation.<\/p>\t\t\t\t\t\t\t\t<\/div>\n\t\t\t\t<\/div>\n\t\t\t\t<\/div>\n\t\t\t\t<\/div>\n\t\t\t\t\t<\/div>\n\t\t\t\t<\/div>\n\t\t<div class=\"elementor-element elementor-element-fb00225 e-flex e-con-boxed e-con e-parent\" data-id=\"fb00225\" data-element_type=\"container\" data-e-type=\"container\">\n\t\t\t\t\t<div class=\"e-con-inner\">\n\t\t\t\t<div class=\"elementor-element elementor-element-88b0b60 elementor-widget elementor-widget-google_maps\" data-id=\"88b0b60\" data-element_type=\"widget\" data-e-type=\"widget\" data-widget_type=\"google_maps.default\">\n\t\t\t\t<div class=\"elementor-widget-container\">\n\t\t\t\t\t\t\t<div class=\"elementor-custom-embed\">\n\t\t\t<iframe loading=\"lazy\"\n\t\t\t\t\tsrc=\"https:\/\/maps.google.com\/maps?q=14%20Rue%20L%C3%A9o%20Lagrange%2C%2010600%20La%20Chapelle-Saint-Luc&#038;t=m&#038;z=15&#038;output=embed&#038;iwloc=near\"\n\t\t\t\t\ttitle=\"14 Rue L\u00e9o Lagrange, 10600 La Chapelle-Saint-Luc\"\n\t\t\t\t\taria-label=\"14 Rue L\u00e9o Lagrange, 10600 La Chapelle-Saint-Luc\"\n\t\t\t><\/iframe>\n\t\t<\/div>\n\t\t\t\t\t\t<\/div>\n\t\t\t\t<\/div>\n\t\t\t\t\t<\/div>\n\t\t\t\t<\/div>\n\t\t<div class=\"elementor-element elementor-element-ae8b696 e-flex e-con-boxed e-con e-parent\" data-id=\"ae8b696\" data-element_type=\"container\" data-e-type=\"container\">\n\t\t\t\t\t<div class=\"e-con-inner\">\n\t\t<div class=\"elementor-element elementor-element-c488319 e-con-full e-flex e-con e-child\" data-id=\"c488319\" data-element_type=\"container\" data-e-type=\"container\" data-settings=\"{&quot;background_background&quot;:&quot;classic&quot;}\">\n\t\t<div class=\"elementor-element elementor-element-daf4e91 e-con-full e-flex e-con e-child\" data-id=\"daf4e91\" data-element_type=\"container\" data-e-type=\"container\" data-settings=\"{&quot;background_background&quot;:&quot;classic&quot;}\">\n\t\t\t\t<div class=\"elementor-element elementor-element-9f04e3a elementor-widget elementor-widget-heading\" data-id=\"9f04e3a\" data-element_type=\"widget\" data-e-type=\"widget\" data-widget_type=\"heading.default\">\n\t\t\t\t<div class=\"elementor-widget-container\">\n\t\t\t\t\t<h6 class=\"elementor-heading-title elementor-size-default\"><a href=\"http:\/\/-\">SOCIAL \u2013 AIDE ALIMENTAIRE ET VESTIAIRE<\/a><\/h6>\t\t\t\t<\/div>\n\t\t\t\t<\/div>\n\t\t\t\t<\/div>\n\t\t\t\t<\/div>\n\t\t<div class=\"elementor-element elementor-element-da71f33 e-con-full e-flex e-con e-child\" data-id=\"da71f33\" data-element_type=\"container\" data-e-type=\"container\" data-settings=\"{&quot;background_background&quot;:&quot;classic&quot;}\">\n\t\t<div class=\"elementor-element elementor-element-ca20a51 e-con-full e-flex e-con e-child\" data-id=\"ca20a51\" data-element_type=\"container\" data-e-type=\"container\" data-settings=\"{&quot;background_background&quot;:&quot;classic&quot;}\">\n\t\t\t\t<div class=\"elementor-element elementor-element-07b0c82 elementor-widget elementor-widget-heading\" data-id=\"07b0c82\" data-element_type=\"widget\" data-e-type=\"widget\" data-widget_type=\"heading.default\">\n\t\t\t\t<div class=\"elementor-widget-container\">\n\t\t\t\t\t<h6 class=\"elementor-heading-title elementor-size-default\">Contacts<\/h6>\t\t\t\t<\/div>\n\t\t\t\t<\/div>\n\t\t\t\t<div class=\"elementor-element elementor-element-28ededc elementor-widget elementor-widget-text-editor\" data-id=\"28ededc\" data-element_type=\"widget\" data-e-type=\"widget\" data-widget_type=\"text-editor.default\">\n\t\t\t\t<div class=\"elementor-widget-container\">\n\t\t\t\t\t\t\t\t\t<h4>AGORAE<\/h4><p>1 Rue de Jargondis 10000 Troyes<\/p><p>03 25 49 14 14<\/p><p><a href=\"https:\/\/agorae.campus3.fr\/\">https:\/\/agorae.campus3.fr\/<\/a><\/p><p><a href=\"https:\/\/www.instagram.com\/agorae_campus3\/\">https:\/\/www.instagram.com\/agorae_campus3\/<\/a><\/p>\t\t\t\t\t\t\t\t<\/div>\n\t\t\t\t<\/div>\n\t\t\t\t<\/div>\n\t\t\t\t<\/div>\n\t\t<div class=\"elementor-element elementor-element-f373efb e-con-full e-flex e-con e-child\" data-id=\"f373efb\" data-element_type=\"container\" data-e-type=\"container\" data-settings=\"{&quot;background_background&quot;:&quot;classic&quot;}\">\n\t\t<div class=\"elementor-element elementor-element-2cca09e e-con-full e-flex e-con e-child\" data-id=\"2cca09e\" data-element_type=\"container\" data-e-type=\"container\" data-settings=\"{&quot;background_background&quot;:&quot;classic&quot;}\">\n\t\t\t\t<div class=\"elementor-element elementor-element-6aa5536 elementor-widget elementor-widget-heading\" data-id=\"6aa5536\" data-element_type=\"widget\" data-e-type=\"widget\" data-widget_type=\"heading.default\">\n\t\t\t\t<div class=\"elementor-widget-container\">\n\t\t\t\t\t<h6 class=\"elementor-heading-title elementor-size-default\">Horaires<\/h6>\t\t\t\t<\/div>\n\t\t\t\t<\/div>\n\t\t\t\t<div class=\"elementor-element elementor-element-d6fe052 elementor-widget elementor-widget-text-editor\" data-id=\"d6fe052\" data-element_type=\"widget\" data-e-type=\"widget\" data-widget_type=\"text-editor.default\">\n\t\t\t\t<div class=\"elementor-widget-container\">\n\t\t\t\t\t\t\t\t\t<p>Du Lundi au vendredi<br \/>17:00-21:00<\/p>\t\t\t\t\t\t\t\t<\/div>\n\t\t\t\t<\/div>\n\t\t\t\t<\/div>\n\t\t\t\t<\/div>\n\t\t<div class=\"elementor-element elementor-element-920bba5 e-con-full e-flex e-con e-child\" data-id=\"920bba5\" data-element_type=\"container\" data-e-type=\"container\" data-settings=\"{&quot;background_background&quot;:&quot;classic&quot;}\">\n\t\t<div class=\"elementor-element elementor-element-4ab7ec1 e-con-full e-flex e-con e-child\" data-id=\"4ab7ec1\" data-element_type=\"container\" data-e-type=\"container\" data-settings=\"{&quot;background_background&quot;:&quot;classic&quot;}\">\n\t\t\t\t<div class=\"elementor-element elementor-element-15f4c79 elementor-widget elementor-widget-heading\" data-id=\"15f4c79\" data-element_type=\"widget\" data-e-type=\"widget\" data-widget_type=\"heading.default\">\n\t\t\t\t<div class=\"elementor-widget-container\">\n\t\t\t\t\t<h6 class=\"elementor-heading-title elementor-size-default\">Services \/ dispositifs\u200b<\/h6>\t\t\t\t<\/div>\n\t\t\t\t<\/div>\n\t\t\t\t<div class=\"elementor-element elementor-element-3e7fd8c elementor-widget__width-initial elementor-widget elementor-widget-text-editor\" data-id=\"3e7fd8c\" data-element_type=\"widget\" data-e-type=\"widget\" data-widget_type=\"text-editor.default\">\n\t\t\t\t<div class=\"elementor-widget-container\">\n\t\t\t\t\t\t\t\t\t<p>L\u2019Agora\u00e9 est un espace d\u2019\u00e9change et de solidarit\u00e9 destin\u00e9 aux \u00e9tudiants, combinant une \u00e9picerie solidaire et un lieu de vie ouvert.<br data-start=\"356\" data-end=\"359\" \/>Elle met \u00e0 disposition des produits alimentaires \u00e0 prix solidaires, ainsi que des services favorisant le bien-\u00eatre et le lien social : espace de d\u00e9tente, acc\u00e8s \u00e0 des ordinateurs et \u00e0 une imprimante, laverie, ressources culturelles.<br data-start=\"598\" data-end=\"601\" \/>Le dispositif vise \u00e0 lutter contre la pr\u00e9carit\u00e9 \u00e9tudiante et \u00e0 soutenir la vie quotidienne des \u00e9tudiants dans un cadre convivial et solidaire.<\/p>\t\t\t\t\t\t\t\t<\/div>\n\t\t\t\t<\/div>\n\t\t\t\t<\/div>\n\t\t\t\t<\/div>\n\t\t<div class=\"elementor-element elementor-element-0bc1f44 e-con-full e-flex e-con e-child\" data-id=\"0bc1f44\" data-element_type=\"container\" data-e-type=\"container\" data-settings=\"{&quot;background_background&quot;:&quot;classic&quot;}\">\n\t\t<div class=\"elementor-element elementor-element-a7ac7d2 e-con-full e-flex e-con e-child\" data-id=\"a7ac7d2\" data-element_type=\"container\" data-e-type=\"container\" data-settings=\"{&quot;background_background&quot;:&quot;classic&quot;}\">\n\t\t\t\t<div class=\"elementor-element elementor-element-61ee3b9 elementor-widget elementor-widget-heading\" data-id=\"61ee3b9\" data-element_type=\"widget\" data-e-type=\"widget\" data-widget_type=\"heading.default\">\n\t\t\t\t<div class=\"elementor-widget-container\">\n\t\t\t\t\t<h6 class=\"elementor-heading-title elementor-size-default\">Conditions d'acc\u00e8s et fonctionnement\u200b<\/h6>\t\t\t\t<\/div>\n\t\t\t\t<\/div>\n\t\t\t\t<div class=\"elementor-element elementor-element-b85decf elementor-widget__width-initial elementor-widget elementor-widget-text-editor\" data-id=\"b85decf\" data-element_type=\"widget\" data-e-type=\"widget\" data-widget_type=\"text-editor.default\">\n\t\t\t\t<div class=\"elementor-widget-container\">\n\t\t\t\t\t\t\t\t\t<p>L\u2019acc\u00e8s \u00e0 l\u2019Agora\u00e9 est soumis \u00e0 des crit\u00e8res sociaux.<br data-start=\"855\" data-end=\"858\" \/>La demande d\u2019acc\u00e8s se fait aupr\u00e8s de l\u2019assistante sociale du CROUS, situ\u00e9e \u00e0 la Maison des \u00c9tudiants, qui instruit le dossier et valide l\u2019\u00e9ligibilit\u00e9.<br data-start=\"1016\" data-end=\"1019\" \/>Des tarifs pr\u00e9f\u00e9rentiels sont appliqu\u00e9s aux b\u00e9n\u00e9ficiaires, dans le cadre d\u2019un accompagnement social.<\/p>\t\t\t\t\t\t\t\t<\/div>\n\t\t\t\t<\/div>\n\t\t\t\t<\/div>\n\t\t\t\t<\/div>\n\t\t\t\t\t<\/div>\n\t\t\t\t<\/div>\n\t\t<div class=\"elementor-element elementor-element-fea2509 e-flex e-con-boxed e-con e-parent\" data-id=\"fea2509\" data-element_type=\"container\" data-e-type=\"container\">\n\t\t\t\t\t<div class=\"e-con-inner\">\n\t\t\t\t<div class=\"elementor-element elementor-element-67e9d57 elementor-widget elementor-widget-google_maps\" data-id=\"67e9d57\" data-element_type=\"widget\" data-e-type=\"widget\" data-widget_type=\"google_maps.default\">\n\t\t\t\t<div class=\"elementor-widget-container\">\n\t\t\t\t\t\t\t<div class=\"elementor-custom-embed\">\n\t\t\t<iframe loading=\"lazy\"\n\t\t\t\t\tsrc=\"https:\/\/maps.google.com\/maps?q=1%20Rue%20de%20Jargondis%2010000%20Troyes&#038;t=m&#038;z=15&#038;output=embed&#038;iwloc=near\"\n\t\t\t\t\ttitle=\"1 Rue de Jargondis 10000 Troyes\"\n\t\t\t\t\taria-label=\"1 Rue de Jargondis 10000 Troyes\"\n\t\t\t><\/iframe>\n\t\t<\/div>\n\t\t\t\t\t\t<\/div>\n\t\t\t\t<\/div>\n\t\t\t\t\t<\/div>\n\t\t\t\t<\/div>\n\t\t<div class=\"elementor-element elementor-element-9d8f456 e-flex e-con-boxed e-con e-parent\" data-id=\"9d8f456\" data-element_type=\"container\" data-e-type=\"container\">\n\t\t\t\t\t<div class=\"e-con-inner\">\n\t\t<div class=\"elementor-element elementor-element-3c6ef28 e-con-full e-flex e-con e-child\" data-id=\"3c6ef28\" data-element_type=\"container\" data-e-type=\"container\" data-settings=\"{&quot;background_background&quot;:&quot;classic&quot;}\">\n\t\t<div class=\"elementor-element elementor-element-52121d2 e-con-full e-flex e-con e-child\" data-id=\"52121d2\" data-element_type=\"container\" data-e-type=\"container\" data-settings=\"{&quot;background_background&quot;:&quot;classic&quot;}\">\n\t\t\t\t<div class=\"elementor-element elementor-element-ba07ec2 elementor-widget elementor-widget-heading\" data-id=\"ba07ec2\" data-element_type=\"widget\" data-e-type=\"widget\" data-widget_type=\"heading.default\">\n\t\t\t\t<div class=\"elementor-widget-container\">\n\t\t\t\t\t<h6 class=\"elementor-heading-title elementor-size-default\"><a href=\"http:\/\/-\">SOCIAL \u2013 AIDE ALIMENTAIRE ET VESTIAIRE<\/a><\/h6>\t\t\t\t<\/div>\n\t\t\t\t<\/div>\n\t\t\t\t<\/div>\n\t\t\t\t<\/div>\n\t\t<div class=\"elementor-element elementor-element-77631b3 e-con-full e-flex e-con e-child\" data-id=\"77631b3\" data-element_type=\"container\" data-e-type=\"container\" data-settings=\"{&quot;background_background&quot;:&quot;classic&quot;}\">\n\t\t<div class=\"elementor-element elementor-element-cddc9c0 e-con-full e-flex e-con e-child\" data-id=\"cddc9c0\" data-element_type=\"container\" data-e-type=\"container\" data-settings=\"{&quot;background_background&quot;:&quot;classic&quot;}\">\n\t\t\t\t<div class=\"elementor-element elementor-element-e44e0eb elementor-widget elementor-widget-heading\" data-id=\"e44e0eb\" data-element_type=\"widget\" data-e-type=\"widget\" data-widget_type=\"heading.default\">\n\t\t\t\t<div class=\"elementor-widget-container\">\n\t\t\t\t\t<h6 class=\"elementor-heading-title elementor-size-default\">Contacts<\/h6>\t\t\t\t<\/div>\n\t\t\t\t<\/div>\n\t\t\t\t<div class=\"elementor-element elementor-element-d783cdf elementor-widget elementor-widget-text-editor\" data-id=\"d783cdf\" data-element_type=\"widget\" data-e-type=\"widget\" data-widget_type=\"text-editor.default\">\n\t\t\t\t<div class=\"elementor-widget-container\">\n\t\t\t\t\t\t\t\t\t<h4>Secours populaire fran\u00e7ais Aube<\/h4><p>9 Rue Godard Pillaveinne 10000 Troyes<\/p><p>03 25 80 57 16<\/p><p><a href=\"https:\/\/www.secourspopulaire.fr\/10\/\">https:\/\/www.secourspopulaire.fr\/10\/<\/a><\/p>\t\t\t\t\t\t\t\t<\/div>\n\t\t\t\t<\/div>\n\t\t\t\t<\/div>\n\t\t\t\t<\/div>\n\t\t<div class=\"elementor-element elementor-element-53fb98c e-con-full e-flex e-con e-child\" data-id=\"53fb98c\" data-element_type=\"container\" data-e-type=\"container\" data-settings=\"{&quot;background_background&quot;:&quot;classic&quot;}\">\n\t\t<div class=\"elementor-element elementor-element-e46c68c e-con-full e-flex e-con e-child\" data-id=\"e46c68c\" data-element_type=\"container\" data-e-type=\"container\" data-settings=\"{&quot;background_background&quot;:&quot;classic&quot;}\">\n\t\t\t\t<div class=\"elementor-element elementor-element-509aa7c elementor-widget elementor-widget-heading\" data-id=\"509aa7c\" data-element_type=\"widget\" data-e-type=\"widget\" data-widget_type=\"heading.default\">\n\t\t\t\t<div class=\"elementor-widget-container\">\n\t\t\t\t\t<h6 class=\"elementor-heading-title elementor-size-default\">Horaires<\/h6>\t\t\t\t<\/div>\n\t\t\t\t<\/div>\n\t\t\t\t<div class=\"elementor-element elementor-element-a7662a2 elementor-widget elementor-widget-text-editor\" data-id=\"a7662a2\" data-element_type=\"widget\" data-e-type=\"widget\" data-widget_type=\"text-editor.default\">\n\t\t\t\t<div class=\"elementor-widget-container\">\n\t\t\t\t\t\t\t\t\t<p>Horaires des distributions<br \/>Lundi : 9h-12h et 13h30-17h<br \/>Mardi: 9h-12h et 14h-17h<br \/>Mercredi : 9h-12h et 13h30-17h<br \/>Jeudi : 9h-12h et 14h-17h<br \/>Vendredi : 9h-12h et 13h30-17h<\/p>\t\t\t\t\t\t\t\t<\/div>\n\t\t\t\t<\/div>\n\t\t\t\t<\/div>\n\t\t\t\t<\/div>\n\t\t<div class=\"elementor-element elementor-element-248bcfa e-con-full e-flex e-con e-child\" data-id=\"248bcfa\" data-element_type=\"container\" data-e-type=\"container\" data-settings=\"{&quot;background_background&quot;:&quot;classic&quot;}\">\n\t\t<div class=\"elementor-element elementor-element-ee6084d e-con-full e-flex e-con e-child\" data-id=\"ee6084d\" data-element_type=\"container\" data-e-type=\"container\" data-settings=\"{&quot;background_background&quot;:&quot;classic&quot;}\">\n\t\t\t\t<div class=\"elementor-element elementor-element-7f6f6b6 elementor-widget elementor-widget-heading\" data-id=\"7f6f6b6\" data-element_type=\"widget\" data-e-type=\"widget\" data-widget_type=\"heading.default\">\n\t\t\t\t<div class=\"elementor-widget-container\">\n\t\t\t\t\t<h6 class=\"elementor-heading-title elementor-size-default\">Services \/ dispositifs\u200b<\/h6>\t\t\t\t<\/div>\n\t\t\t\t<\/div>\n\t\t\t\t<div class=\"elementor-element elementor-element-4e09e5b elementor-widget__width-initial elementor-widget elementor-widget-text-editor\" data-id=\"4e09e5b\" data-element_type=\"widget\" data-e-type=\"widget\" data-widget_type=\"text-editor.default\">\n\t\t\t\t<div class=\"elementor-widget-container\">\n\t\t\t\t\t\t\t\t\t<p>Le Secours populaire propose une aide alimentaire mensuelle aux personnes en situation de difficult\u00e9 financi\u00e8re, sous forme de libre-service alimentaire. Les b\u00e9n\u00e9ficiaires peuvent acc\u00e9der \u00e0 une \u00e9picerie solidaire, o\u00f9 certains produits sont gratuits et d\u2019autres propos\u00e9s \u00e0 des prix symboliques, gr\u00e2ce aux dons et \u00e0 la r\u00e9cup\u00e9ration d\u2019invendus.<br data-start=\"633\" data-end=\"636\" \/>L\u2019association met \u00e9galement \u00e0 disposition un vestiaire solidaire (v\u00eatements, chaussures, articles de pu\u00e9riculture, jouets) et une bouquinerie solidaire, accessibles \u00e0 tous, contribuant \u00e0 la lutte contre la pr\u00e9carit\u00e9 mat\u00e9rielle et culturelle.<br data-start=\"885\" data-end=\"888\" \/>L\u2019ensemble des actions est assur\u00e9 par des b\u00e9n\u00e9voles.<\/p>\t\t\t\t\t\t\t\t<\/div>\n\t\t\t\t<\/div>\n\t\t\t\t<\/div>\n\t\t\t\t<\/div>\n\t\t<div class=\"elementor-element elementor-element-0ebbb07 e-con-full e-flex e-con e-child\" data-id=\"0ebbb07\" data-element_type=\"container\" data-e-type=\"container\" data-settings=\"{&quot;background_background&quot;:&quot;classic&quot;}\">\n\t\t<div class=\"elementor-element elementor-element-a0b501c e-con-full e-flex e-con e-child\" data-id=\"a0b501c\" data-element_type=\"container\" data-e-type=\"container\" data-settings=\"{&quot;background_background&quot;:&quot;classic&quot;}\">\n\t\t\t\t<div class=\"elementor-element elementor-element-cf8370c elementor-widget elementor-widget-heading\" data-id=\"cf8370c\" data-element_type=\"widget\" data-e-type=\"widget\" data-widget_type=\"heading.default\">\n\t\t\t\t<div class=\"elementor-widget-container\">\n\t\t\t\t\t<h6 class=\"elementor-heading-title elementor-size-default\">Conditions d'acc\u00e8s et fonctionnement\u200b<\/h6>\t\t\t\t<\/div>\n\t\t\t\t<\/div>\n\t\t\t\t<div class=\"elementor-element elementor-element-484ba04 elementor-widget__width-initial elementor-widget elementor-widget-text-editor\" data-id=\"484ba04\" data-element_type=\"widget\" data-e-type=\"widget\" data-widget_type=\"text-editor.default\">\n\t\t\t\t<div class=\"elementor-widget-container\">\n\t\t\t\t\t\t\t\t\t<p>L\u2019acc\u00e8s \u00e0 l\u2019aide alimentaire est ouvert \u00e0 toute personne en difficult\u00e9, sous r\u00e9serve d\u2019une inscription pr\u00e9alable et de la pr\u00e9sentation de justificatifs de ressources r\u00e9cents (salaires, allocations, retraite, CAF, France Travail, AAH, bourses, APL, etc.).<br data-start=\"1320\" data-end=\"1323\" \/>Un rendez-vous est \u00e0 prendre \u00e0 l\u2019accueil pour l\u2019\u00e9tude de la situation et l\u2019ouverture des droits \u00e0 l\u2019aide alimentaire, qui est accord\u00e9e de mani\u00e8re temporaire.<br data-start=\"1488\" data-end=\"1491\" \/>Le vestiaire solidaire est ouvert \u00e0 tous, sans condition, aux horaires d\u2019ouverture de l\u2019\u00e9picerie.<br data-start=\"1592\" data-end=\"1595\" \/>La bouquinerie est accessible librement \u00e0 des cr\u00e9neaux d\u00e9di\u00e9s, avec vente \u00e0 prix modiques.<\/p>\t\t\t\t\t\t\t\t<\/div>\n\t\t\t\t<\/div>\n\t\t\t\t<\/div>\n\t\t\t\t<\/div>\n\t\t\t\t\t<\/div>\n\t\t\t\t<\/div>\n\t\t<div class=\"elementor-element elementor-element-20b1e71 e-flex e-con-boxed e-con e-parent\" data-id=\"20b1e71\" data-element_type=\"container\" data-e-type=\"container\">\n\t\t\t\t\t<div class=\"e-con-inner\">\n\t\t\t\t<div class=\"elementor-element elementor-element-cbe42c1 elementor-widget elementor-widget-google_maps\" data-id=\"cbe42c1\" data-element_type=\"widget\" data-e-type=\"widget\" data-widget_type=\"google_maps.default\">\n\t\t\t\t<div class=\"elementor-widget-container\">\n\t\t\t\t\t\t\t<div class=\"elementor-custom-embed\">\n\t\t\t<iframe loading=\"lazy\"\n\t\t\t\t\tsrc=\"https:\/\/maps.google.com\/maps?q=9%20Rue%20Godard%20Pillaveinne%2010000%20Troyes&#038;t=m&#038;z=15&#038;output=embed&#038;iwloc=near\"\n\t\t\t\t\ttitle=\"9 Rue Godard Pillaveinne 10000 Troyes\"\n\t\t\t\t\taria-label=\"9 Rue Godard Pillaveinne 10000 Troyes\"\n\t\t\t><\/iframe>\n\t\t<\/div>\n\t\t\t\t\t\t<\/div>\n\t\t\t\t<\/div>\n\t\t\t\t\t<\/div>\n\t\t\t\t<\/div>\n\t\t<div class=\"elementor-element elementor-element-9ea4827 e-flex e-con-boxed e-con e-parent\" data-id=\"9ea4827\" data-element_type=\"container\" data-e-type=\"container\">\n\t\t\t\t\t<div class=\"e-con-inner\">\n\t\t\t\t<div class=\"elementor-element elementor-element-6da870f elementor-widget elementor-widget-spacer\" data-id=\"6da870f\" data-element_type=\"widget\" data-e-type=\"widget\" data-widget_type=\"spacer.default\">\n\t\t\t\t<div class=\"elementor-widget-container\">\n\t\t\t\t\t\t\t<div class=\"elementor-spacer\">\n\t\t\t<div class=\"elementor-spacer-inner\"><\/div>\n\t\t<\/div>\n\t\t\t\t\t\t<\/div>\n\t\t\t\t<\/div>\n\t\t\t\t\t<\/div>\n\t\t\t\t<\/div>\n\t\t\t\t<\/div>\n\t\t","protected":false},"excerpt":{"rendered":"<p>Epiceries solidaires SOCIAL \u2013 AIDE ALIMENTAIRE ET VESTIAIRE Contacts Epicerie sociale Simone Lacl\u00e9mence 03 25 49 811 05 14 Rue L\u00e9o Lagrange, 10600 La Chapelle-Saint-Luc Horaires Le lundi et jeudi : 13h &#8211; 17h Services \/ dispositifs\u200b L\u2019\u00e9picerie sociale Simone Lacl\u00e9mence permet d\u2019apporter une aide alimentaire temporaire aux personnes en situation de difficult\u00e9, par la [&hellip;]<\/p>\n","protected":false},"author":1,"featured_media":0,"parent":0,"menu_order":0,"comment_status":"closed","ping_status":"closed","template":"","meta":{"ocean_post_layout":"","ocean_both_sidebars_style":"","ocean_both_sidebars_content_width":0,"ocean_both_sidebars_sidebars_width":0,"ocean_sidebar":"","ocean_second_sidebar":"","ocean_disable_margins":"enable","ocean_add_body_class":"","ocean_shortcode_before_top_bar":"","ocean_shortcode_after_top_bar":"","ocean_shortcode_before_header":"","ocean_shortcode_after_header":"","ocean_has_shortcode":"","ocean_shortcode_after_title":"","ocean_shortcode_before_footer_widgets":"","ocean_shortcode_after_footer_widgets":"","ocean_shortcode_before_footer_bottom":"","ocean_shortcode_after_footer_bottom":"","ocean_display_top_bar":"default","ocean_display_header":"default","ocean_header_style":"","ocean_center_header_left_menu":"","ocean_custom_header_template":"","ocean_custom_logo":0,"ocean_custom_retina_logo":0,"ocean_custom_logo_max_width":0,"ocean_custom_logo_tablet_max_width":0,"ocean_custom_logo_mobile_max_width":0,"ocean_custom_logo_max_height":0,"ocean_custom_logo_tablet_max_height":0,"ocean_custom_logo_mobile_max_height":0,"ocean_header_custom_menu":"","ocean_menu_typo_font_family":"","ocean_menu_typo_font_subset":"","ocean_menu_typo_font_size":0,"ocean_menu_typo_font_size_tablet":0,"ocean_menu_typo_font_size_mobile":0,"ocean_menu_typo_font_size_unit":"px","ocean_menu_typo_font_weight":"","ocean_menu_typo_font_weight_tablet":"","ocean_menu_typo_font_weight_mobile":"","ocean_menu_typo_transform":"","ocean_menu_typo_transform_tablet":"","ocean_menu_typo_transform_mobile":"","ocean_menu_typo_line_height":0,"ocean_menu_typo_line_height_tablet":0,"ocean_menu_typo_line_height_mobile":0,"ocean_menu_typo_line_height_unit":"","ocean_menu_typo_spacing":0,"ocean_menu_typo_spacing_tablet":0,"ocean_menu_typo_spacing_mobile":0,"ocean_menu_typo_spacing_unit":"","ocean_menu_link_color":"","ocean_menu_link_color_hover":"","ocean_menu_link_color_active":"","ocean_menu_link_background":"","ocean_menu_link_hover_background":"","ocean_menu_link_active_background":"","ocean_menu_social_links_bg":"","ocean_menu_social_hover_links_bg":"","ocean_menu_social_links_color":"","ocean_menu_social_hover_links_color":"","ocean_disable_title":"default","ocean_disable_heading":"default","ocean_post_title":"","ocean_post_subheading":"","ocean_post_title_style":"","ocean_post_title_background_color":"","ocean_post_title_background":0,"ocean_post_title_bg_image_position":"","ocean_post_title_bg_image_attachment":"","ocean_post_title_bg_image_repeat":"","ocean_post_title_bg_image_size":"","ocean_post_title_height":0,"ocean_post_title_bg_overlay":0.5,"ocean_post_title_bg_overlay_color":"","ocean_disable_breadcrumbs":"default","ocean_breadcrumbs_color":"","ocean_breadcrumbs_separator_color":"","ocean_breadcrumbs_links_color":"","ocean_breadcrumbs_links_hover_color":"","ocean_display_footer_widgets":"default","ocean_display_footer_bottom":"default","ocean_custom_footer_template":"","footnotes":""},"class_list":["post-1917","page","type-page","status-publish","hentry","entry"],"_links":{"self":[{"href":"https:\/\/agir10.org\/cartographie\/index.php?rest_route=\/wp\/v2\/pages\/1917","targetHints":{"allow":["GET"]}}],"collection":[{"href":"https:\/\/agir10.org\/cartographie\/index.php?rest_route=\/wp\/v2\/pages"}],"about":[{"href":"https:\/\/agir10.org\/cartographie\/index.php?rest_route=\/wp\/v2\/types\/page"}],"author":[{"embeddable":true,"href":"https:\/\/agir10.org\/cartographie\/index.php?rest_route=\/wp\/v2\/users\/1"}],"replies":[{"embeddable":true,"href":"https:\/\/agir10.org\/cartographie\/index.php?rest_route=%2Fwp%2Fv2%2Fcomments&post=1917"}],"version-history":[{"count":10,"href":"https:\/\/agir10.org\/cartographie\/index.php?rest_route=\/wp\/v2\/pages\/1917\/revisions"}],"predecessor-version":[{"id":4250,"href":"https:\/\/agir10.org\/cartographie\/index.php?rest_route=\/wp\/v2\/pages\/1917\/revisions\/4250"}],"wp:attachment":[{"href":"https:\/\/agir10.org\/cartographie\/index.php?rest_route=%2Fwp%2Fv2%2Fmedia&parent=1917"}],"curies":[{"name":"wp","href":"https:\/\/api.w.org\/{rel}","templated":true}]}}