{"id":1762,"date":"2024-11-19T16:34:34","date_gmt":"2024-11-19T16:34:34","guid":{"rendered":"https:\/\/agir10.org\/cartographie\/?page_id=1762"},"modified":"2026-01-14T09:19:19","modified_gmt":"2026-01-14T09:19:19","slug":"centre-social-victor-hugo-2","status":"publish","type":"page","link":"https:\/\/agir10.org\/cartographie\/?page_id=1762","title":{"rendered":"Centre social Victor HUGO"},"content":{"rendered":"\t\t<div data-elementor-type=\"wp-page\" data-elementor-id=\"1762\" class=\"elementor elementor-1762\">\n\t\t\t\t<div class=\"elementor-element elementor-element-5bc251b e-flex e-con-boxed e-con e-parent\" data-id=\"5bc251b\" data-element_type=\"container\" data-e-type=\"container\">\n\t\t\t\t\t<div class=\"e-con-inner\">\n\t\t\t\t<div class=\"elementor-element elementor-element-00597a8 elementor-widget elementor-widget-heading\" data-id=\"00597a8\" data-element_type=\"widget\" data-e-type=\"widget\" data-widget_type=\"heading.default\">\n\t\t\t\t<div class=\"elementor-widget-container\">\n\t\t\t\t\t<h2 class=\"elementor-heading-title elementor-size-default\">Centre social Victor HUGO<\/h2>\t\t\t\t<\/div>\n\t\t\t\t<\/div>\n\t\t\t\t\t<\/div>\n\t\t\t\t<\/div>\n\t\t<div class=\"elementor-element elementor-element-6f28c32 e-flex e-con-boxed e-con e-parent\" data-id=\"6f28c32\" data-element_type=\"container\" data-e-type=\"container\">\n\t\t\t\t\t<div class=\"e-con-inner\">\n\t\t<div class=\"elementor-element elementor-element-9aa7f8e e-con-full e-flex e-con e-child\" data-id=\"9aa7f8e\" data-element_type=\"container\" data-e-type=\"container\" data-settings=\"{&quot;background_background&quot;:&quot;classic&quot;}\">\n\t\t<div class=\"elementor-element elementor-element-17dcb5c e-con-full e-flex e-con e-child\" data-id=\"17dcb5c\" data-element_type=\"container\" data-e-type=\"container\" data-settings=\"{&quot;background_background&quot;:&quot;classic&quot;}\">\n\t\t\t\t<div class=\"elementor-element elementor-element-19c9175 elementor-widget elementor-widget-heading\" data-id=\"19c9175\" data-element_type=\"widget\" data-e-type=\"widget\" data-widget_type=\"heading.default\">\n\t\t\t\t<div class=\"elementor-widget-container\">\n\t\t\t\t\t<h6 class=\"elementor-heading-title elementor-size-default\"><a href=\"http:\/\/-\">Formation linguistique : ASL\n\n<\/a><\/h6>\t\t\t\t<\/div>\n\t\t\t\t<\/div>\n\t\t\t\t<\/div>\n\t\t\t\t<\/div>\n\t\t<div class=\"elementor-element elementor-element-af803aa e-con-full e-flex e-con e-child\" data-id=\"af803aa\" data-element_type=\"container\" data-e-type=\"container\" data-settings=\"{&quot;background_background&quot;:&quot;classic&quot;}\">\n\t\t<div class=\"elementor-element elementor-element-e4cf43d e-con-full e-flex e-con e-child\" data-id=\"e4cf43d\" data-element_type=\"container\" data-e-type=\"container\" data-settings=\"{&quot;background_background&quot;:&quot;classic&quot;}\">\n\t\t\t\t<div class=\"elementor-element elementor-element-6de94a4 elementor-widget elementor-widget-heading\" data-id=\"6de94a4\" data-element_type=\"widget\" data-e-type=\"widget\" data-widget_type=\"heading.default\">\n\t\t\t\t<div class=\"elementor-widget-container\">\n\t\t\t\t\t<h6 class=\"elementor-heading-title elementor-size-default\">Contacts<\/h6>\t\t\t\t<\/div>\n\t\t\t\t<\/div>\n\t\t\t\t<div class=\"elementor-element elementor-element-93616e3 elementor-widget elementor-widget-text-editor\" data-id=\"93616e3\" data-element_type=\"widget\" data-e-type=\"widget\" data-widget_type=\"text-editor.default\">\n\t\t\t\t<div class=\"elementor-widget-container\">\n\t\t\t\t\t\t\t\t\t<p>14 Rue Palissy 10600 La Chapelle St Luc<\/p><p>03 25 82 62 55<\/p><p><a href=\"https:\/\/ville-la-chapelle-st-luc.fr\/centre-social-victor-hugo\">https:\/\/ville-la-chapelle-st-luc.fr\/centre-social-victor-hugo<\/a><\/p>\t\t\t\t\t\t\t\t<\/div>\n\t\t\t\t<\/div>\n\t\t\t\t<\/div>\n\t\t\t\t<\/div>\n\t\t<div class=\"elementor-element elementor-element-c716946 e-con-full e-flex e-con e-child\" data-id=\"c716946\" data-element_type=\"container\" data-e-type=\"container\" data-settings=\"{&quot;background_background&quot;:&quot;classic&quot;}\">\n\t\t<div class=\"elementor-element elementor-element-49a9025 e-con-full e-flex e-con e-child\" data-id=\"49a9025\" data-element_type=\"container\" data-e-type=\"container\" data-settings=\"{&quot;background_background&quot;:&quot;classic&quot;}\">\n\t\t\t\t<div class=\"elementor-element elementor-element-9ace5e5 elementor-widget elementor-widget-heading\" data-id=\"9ace5e5\" data-element_type=\"widget\" data-e-type=\"widget\" data-widget_type=\"heading.default\">\n\t\t\t\t<div class=\"elementor-widget-container\">\n\t\t\t\t\t<h6 class=\"elementor-heading-title elementor-size-default\">Horaires<\/h6>\t\t\t\t<\/div>\n\t\t\t\t<\/div>\n\t\t\t\t<div class=\"elementor-element elementor-element-24dbd6e elementor-widget elementor-widget-text-editor\" data-id=\"24dbd6e\" data-element_type=\"widget\" data-e-type=\"widget\" data-widget_type=\"text-editor.default\">\n\t\t\t\t<div class=\"elementor-widget-container\">\n\t\t\t\t\t\t\t\t\t<p>Du lundi au vendredi de 8h30 \u00e0 12h et de 13h30 \u00e0 20h30<\/p>\t\t\t\t\t\t\t\t<\/div>\n\t\t\t\t<\/div>\n\t\t\t\t<\/div>\n\t\t\t\t<\/div>\n\t\t<div class=\"elementor-element elementor-element-9a65298 e-con-full e-flex e-con e-child\" data-id=\"9a65298\" data-element_type=\"container\" data-e-type=\"container\" data-settings=\"{&quot;background_background&quot;:&quot;classic&quot;}\">\n\t\t<div class=\"elementor-element elementor-element-9690b19 e-con-full e-flex e-con e-child\" data-id=\"9690b19\" data-element_type=\"container\" data-e-type=\"container\" data-settings=\"{&quot;background_background&quot;:&quot;classic&quot;}\">\n\t\t\t\t<div class=\"elementor-element elementor-element-5cc60af elementor-widget elementor-widget-heading\" data-id=\"5cc60af\" data-element_type=\"widget\" data-e-type=\"widget\" data-widget_type=\"heading.default\">\n\t\t\t\t<div class=\"elementor-widget-container\">\n\t\t\t\t\t<h6 class=\"elementor-heading-title elementor-size-default\">Services \/ dispositifs\u200b<\/h6>\t\t\t\t<\/div>\n\t\t\t\t<\/div>\n\t\t\t\t<div class=\"elementor-element elementor-element-79b31bb elementor-widget__width-initial elementor-widget elementor-widget-text-editor\" data-id=\"79b31bb\" data-element_type=\"widget\" data-e-type=\"widget\" data-widget_type=\"text-editor.default\">\n\t\t\t\t<div class=\"elementor-widget-container\">\n\t\t\t\t\t\t\t\t\t<p>Le centre social Victor Hugo est un \u00e9quipement de quartier \u00e0 vocation sociale, familiale et interg\u00e9n\u00e9rationnelle, ouvert \u00e0 l\u2019ensemble de la population.<br data-start=\"497\" data-end=\"500\" \/>Il constitue un lieu d\u2019accueil, d\u2019animation de la vie sociale et de d\u00e9veloppement du lien social, fond\u00e9 sur des valeurs de solidarit\u00e9, de participation, de mixit\u00e9 et de partenariat.<br \/><br data-start=\"685\" data-end=\"688\" \/>Le centre social propose des activit\u00e9s culturelles, sportives, \u00e9ducatives et de loisirs, accueille de nombreuses associations, et constitue un point d\u2019appui pour l\u2019acc\u00e8s aux droits, la parentalit\u00e9, la m\u00e9diation sociale et l\u2019accompagnement des habitants.<br \/>Cours de fran\u00e7ais centr\u00e9s exclusivement sur la pratique de l\u2019oral, visant \u00e0 renforcer l\u2019autonomie dans la vie quotidienne (compr\u00e9hension, expression, situations courantes).<\/p>\t\t\t\t\t\t\t\t<\/div>\n\t\t\t\t<\/div>\n\t\t\t\t<\/div>\n\t\t\t\t<\/div>\n\t\t<div class=\"elementor-element elementor-element-68d7ff6 e-con-full e-flex e-con e-child\" data-id=\"68d7ff6\" data-element_type=\"container\" data-e-type=\"container\" data-settings=\"{&quot;background_background&quot;:&quot;classic&quot;}\">\n\t\t<div class=\"elementor-element elementor-element-b1b203a e-con-full e-flex e-con e-child\" data-id=\"b1b203a\" data-element_type=\"container\" data-e-type=\"container\" data-settings=\"{&quot;background_background&quot;:&quot;classic&quot;}\">\n\t\t\t\t<div class=\"elementor-element elementor-element-5acdb50 elementor-widget elementor-widget-heading\" data-id=\"5acdb50\" data-element_type=\"widget\" data-e-type=\"widget\" data-widget_type=\"heading.default\">\n\t\t\t\t<div class=\"elementor-widget-container\">\n\t\t\t\t\t<h6 class=\"elementor-heading-title elementor-size-default\">Conditions d'acc\u00e8s et fonctionnement\u200b<\/h6>\t\t\t\t<\/div>\n\t\t\t\t<\/div>\n\t\t\t\t<div class=\"elementor-element elementor-element-a866668 elementor-widget__width-initial elementor-widget elementor-widget-text-editor\" data-id=\"a866668\" data-element_type=\"widget\" data-e-type=\"widget\" data-widget_type=\"text-editor.default\">\n\t\t\t\t<div class=\"elementor-widget-container\">\n\t\t\t\t\t\t\t\t\t<p>Acc\u00e8s libre, sans adh\u00e9sion obligatoire, pour les habitants du territoire.<br data-start=\"1081\" data-end=\"1084\" \/><br data-start=\"1161\" data-end=\"1164\" \/>Le centre h\u00e9berge des permanences de partenaires sociaux, associatifs et institutionnels (acc\u00e8s aux droits, logement, sant\u00e9, m\u00e9diation sociale, accompagnement administratif et num\u00e9rique, ateliers sociolinguistiques).<br data-start=\"1384\" data-end=\"1387\" \/>Les habitants peuvent \u00e9galement s\u2019impliquer dans la vie du centre via le comit\u00e9 des usagers, contribuant \u00e0 la d\u00e9finition et \u00e0 l\u2019animation des projets locaux.<\/p>\t\t\t\t\t\t\t\t<\/div>\n\t\t\t\t<\/div>\n\t\t\t\t<\/div>\n\t\t\t\t<\/div>\n\t\t\t\t\t<\/div>\n\t\t\t\t<\/div>\n\t\t<div class=\"elementor-element elementor-element-20b1e71 e-flex e-con-boxed e-con e-parent\" data-id=\"20b1e71\" data-element_type=\"container\" data-e-type=\"container\">\n\t\t\t\t\t<div class=\"e-con-inner\">\n\t\t\t\t<div class=\"elementor-element elementor-element-cbe42c1 elementor-widget elementor-widget-google_maps\" data-id=\"cbe42c1\" data-element_type=\"widget\" data-e-type=\"widget\" data-widget_type=\"google_maps.default\">\n\t\t\t\t<div class=\"elementor-widget-container\">\n\t\t\t\t\t\t\t<div class=\"elementor-custom-embed\">\n\t\t\t<iframe loading=\"lazy\"\n\t\t\t\t\tsrc=\"https:\/\/maps.google.com\/maps?q=14%20Rue%20Palissy%2010600%20La%20Chapelle%20St%20Luc&#038;t=m&#038;z=15&#038;output=embed&#038;iwloc=near\"\n\t\t\t\t\ttitle=\"14 Rue Palissy 10600 La Chapelle St Luc\"\n\t\t\t\t\taria-label=\"14 Rue Palissy 10600 La Chapelle St Luc\"\n\t\t\t><\/iframe>\n\t\t<\/div>\n\t\t\t\t\t\t<\/div>\n\t\t\t\t<\/div>\n\t\t\t\t\t<\/div>\n\t\t\t\t<\/div>\n\t\t<div class=\"elementor-element elementor-element-9ea4827 e-flex e-con-boxed e-con e-parent\" data-id=\"9ea4827\" data-element_type=\"container\" data-e-type=\"container\">\n\t\t\t\t\t<div class=\"e-con-inner\">\n\t\t\t\t<div class=\"elementor-element elementor-element-6da870f elementor-widget elementor-widget-spacer\" data-id=\"6da870f\" data-element_type=\"widget\" data-e-type=\"widget\" data-widget_type=\"spacer.default\">\n\t\t\t\t<div class=\"elementor-widget-container\">\n\t\t\t\t\t\t\t<div class=\"elementor-spacer\">\n\t\t\t<div class=\"elementor-spacer-inner\"><\/div>\n\t\t<\/div>\n\t\t\t\t\t\t<\/div>\n\t\t\t\t<\/div>\n\t\t\t\t\t<\/div>\n\t\t\t\t<\/div>\n\t\t\t\t<\/div>\n\t\t","protected":false},"excerpt":{"rendered":"<p>Centre social Victor HUGO Formation linguistique : ASL Contacts 14 Rue Palissy 10600 La Chapelle St Luc 03 25 82 62 55 https:\/\/ville-la-chapelle-st-luc.fr\/centre-social-victor-hugo Horaires Du lundi au vendredi de 8h30 \u00e0 12h et de 13h30 \u00e0 20h30 Services \/ dispositifs\u200b Le centre social Victor Hugo est un \u00e9quipement de quartier \u00e0 vocation sociale, familiale et [&hellip;]<\/p>\n","protected":false},"author":1,"featured_media":0,"parent":0,"menu_order":0,"comment_status":"closed","ping_status":"closed","template":"","meta":{"ocean_post_layout":"","ocean_both_sidebars_style":"","ocean_both_sidebars_content_width":0,"ocean_both_sidebars_sidebars_width":0,"ocean_sidebar":"","ocean_second_sidebar":"","ocean_disable_margins":"enable","ocean_add_body_class":"","ocean_shortcode_before_top_bar":"","ocean_shortcode_after_top_bar":"","ocean_shortcode_before_header":"","ocean_shortcode_after_header":"","ocean_has_shortcode":"","ocean_shortcode_after_title":"","ocean_shortcode_before_footer_widgets":"","ocean_shortcode_after_footer_widgets":"","ocean_shortcode_before_footer_bottom":"","ocean_shortcode_after_footer_bottom":"","ocean_display_top_bar":"default","ocean_display_header":"default","ocean_header_style":"","ocean_center_header_left_menu":"","ocean_custom_header_template":"","ocean_custom_logo":0,"ocean_custom_retina_logo":0,"ocean_custom_logo_max_width":0,"ocean_custom_logo_tablet_max_width":0,"ocean_custom_logo_mobile_max_width":0,"ocean_custom_logo_max_height":0,"ocean_custom_logo_tablet_max_height":0,"ocean_custom_logo_mobile_max_height":0,"ocean_header_custom_menu":"","ocean_menu_typo_font_family":"","ocean_menu_typo_font_subset":"","ocean_menu_typo_font_size":0,"ocean_menu_typo_font_size_tablet":0,"ocean_menu_typo_font_size_mobile":0,"ocean_menu_typo_font_size_unit":"px","ocean_menu_typo_font_weight":"","ocean_menu_typo_font_weight_tablet":"","ocean_menu_typo_font_weight_mobile":"","ocean_menu_typo_transform":"","ocean_menu_typo_transform_tablet":"","ocean_menu_typo_transform_mobile":"","ocean_menu_typo_line_height":0,"ocean_menu_typo_line_height_tablet":0,"ocean_menu_typo_line_height_mobile":0,"ocean_menu_typo_line_height_unit":"","ocean_menu_typo_spacing":0,"ocean_menu_typo_spacing_tablet":0,"ocean_menu_typo_spacing_mobile":0,"ocean_menu_typo_spacing_unit":"","ocean_menu_link_color":"","ocean_menu_link_color_hover":"","ocean_menu_link_color_active":"","ocean_menu_link_background":"","ocean_menu_link_hover_background":"","ocean_menu_link_active_background":"","ocean_menu_social_links_bg":"","ocean_menu_social_hover_links_bg":"","ocean_menu_social_links_color":"","ocean_menu_social_hover_links_color":"","ocean_disable_title":"default","ocean_disable_heading":"default","ocean_post_title":"","ocean_post_subheading":"","ocean_post_title_style":"","ocean_post_title_background_color":"","ocean_post_title_background":0,"ocean_post_title_bg_image_position":"","ocean_post_title_bg_image_attachment":"","ocean_post_title_bg_image_repeat":"","ocean_post_title_bg_image_size":"","ocean_post_title_height":0,"ocean_post_title_bg_overlay":0.5,"ocean_post_title_bg_overlay_color":"","ocean_disable_breadcrumbs":"default","ocean_breadcrumbs_color":"","ocean_breadcrumbs_separator_color":"","ocean_breadcrumbs_links_color":"","ocean_breadcrumbs_links_hover_color":"","ocean_display_footer_widgets":"default","ocean_display_footer_bottom":"default","ocean_custom_footer_template":"","footnotes":""},"class_list":["post-1762","page","type-page","status-publish","hentry","entry"],"_links":{"self":[{"href":"https:\/\/agir10.org\/cartographie\/index.php?rest_route=\/wp\/v2\/pages\/1762","targetHints":{"allow":["GET"]}}],"collection":[{"href":"https:\/\/agir10.org\/cartographie\/index.php?rest_route=\/wp\/v2\/pages"}],"about":[{"href":"https:\/\/agir10.org\/cartographie\/index.php?rest_route=\/wp\/v2\/types\/page"}],"author":[{"embeddable":true,"href":"https:\/\/agir10.org\/cartographie\/index.php?rest_route=\/wp\/v2\/users\/1"}],"replies":[{"embeddable":true,"href":"https:\/\/agir10.org\/cartographie\/index.php?rest_route=%2Fwp%2Fv2%2Fcomments&post=1762"}],"version-history":[{"count":16,"href":"https:\/\/agir10.org\/cartographie\/index.php?rest_route=\/wp\/v2\/pages\/1762\/revisions"}],"predecessor-version":[{"id":4483,"href":"https:\/\/agir10.org\/cartographie\/index.php?rest_route=\/wp\/v2\/pages\/1762\/revisions\/4483"}],"wp:attachment":[{"href":"https:\/\/agir10.org\/cartographie\/index.php?rest_route=%2Fwp%2Fv2%2Fmedia&parent=1762"}],"curies":[{"name":"wp","href":"https:\/\/api.w.org\/{rel}","templated":true}]}}