{"id":1641,"date":"2024-11-19T15:16:03","date_gmt":"2024-11-19T15:16:03","guid":{"rendered":"https:\/\/agir10.org\/cartographie\/?page_id=1641"},"modified":"2026-01-08T16:31:00","modified_gmt":"2026-01-08T16:31:00","slug":"association-familiale-de-la-chapelle-saint-luc","status":"publish","type":"page","link":"https:\/\/agir10.org\/cartographie\/?page_id=1641","title":{"rendered":"Association familiale de la Chapelle Saint Luc"},"content":{"rendered":"\t\t<div data-elementor-type=\"wp-page\" data-elementor-id=\"1641\" class=\"elementor elementor-1641\">\n\t\t\t\t<div class=\"elementor-element elementor-element-5bc251b e-flex e-con-boxed e-con e-parent\" data-id=\"5bc251b\" data-element_type=\"container\" data-e-type=\"container\">\n\t\t\t\t\t<div class=\"e-con-inner\">\n\t\t\t\t<div class=\"elementor-element elementor-element-00597a8 elementor-widget elementor-widget-heading\" data-id=\"00597a8\" data-element_type=\"widget\" data-e-type=\"widget\" data-widget_type=\"heading.default\">\n\t\t\t\t<div class=\"elementor-widget-container\">\n\t\t\t\t\t<h2 class=\"elementor-heading-title elementor-size-default\">Association familiale de la Chapelle Saint Luc<\/h2>\t\t\t\t<\/div>\n\t\t\t\t<\/div>\n\t\t\t\t\t<\/div>\n\t\t\t\t<\/div>\n\t\t<div class=\"elementor-element elementor-element-57a5f6a e-flex e-con-boxed e-con e-parent\" data-id=\"57a5f6a\" data-element_type=\"container\" data-e-type=\"container\">\n\t\t\t\t\t<div class=\"e-con-inner\">\n\t\t\t\t\t<\/div>\n\t\t\t\t<\/div>\n\t\t<div class=\"elementor-element elementor-element-6f28c32 e-flex e-con-boxed e-con e-parent\" data-id=\"6f28c32\" data-element_type=\"container\" data-e-type=\"container\">\n\t\t\t\t\t<div class=\"e-con-inner\">\n\t\t<div class=\"elementor-element elementor-element-9aa7f8e e-con-full e-flex e-con e-child\" data-id=\"9aa7f8e\" data-element_type=\"container\" data-e-type=\"container\" data-settings=\"{&quot;background_background&quot;:&quot;classic&quot;}\">\n\t\t<div class=\"elementor-element elementor-element-17dcb5c e-con-full e-flex e-con e-child\" data-id=\"17dcb5c\" data-element_type=\"container\" data-e-type=\"container\" data-settings=\"{&quot;background_background&quot;:&quot;classic&quot;}\">\n\t\t\t\t<div class=\"elementor-element elementor-element-19c9175 elementor-widget elementor-widget-heading\" data-id=\"19c9175\" data-element_type=\"widget\" data-e-type=\"widget\" data-widget_type=\"heading.default\">\n\t\t\t\t<div class=\"elementor-widget-container\">\n\t\t\t\t\t<h6 class=\"elementor-heading-title elementor-size-default\"><a href=\"http:\/\/-\">Formation linguistique\nAide aux devoirs\/ Alpha \/ ASL \/ FLP\n<\/a><\/h6>\t\t\t\t<\/div>\n\t\t\t\t<\/div>\n\t\t\t\t<\/div>\n\t\t\t\t<\/div>\n\t\t<div class=\"elementor-element elementor-element-af803aa e-con-full e-flex e-con e-child\" data-id=\"af803aa\" data-element_type=\"container\" data-e-type=\"container\" data-settings=\"{&quot;background_background&quot;:&quot;classic&quot;}\">\n\t\t<div class=\"elementor-element elementor-element-e4cf43d e-con-full e-flex e-con e-child\" data-id=\"e4cf43d\" data-element_type=\"container\" data-e-type=\"container\" data-settings=\"{&quot;background_background&quot;:&quot;classic&quot;}\">\n\t\t\t\t<div class=\"elementor-element elementor-element-6de94a4 elementor-widget elementor-widget-heading\" data-id=\"6de94a4\" data-element_type=\"widget\" data-e-type=\"widget\" data-widget_type=\"heading.default\">\n\t\t\t\t<div class=\"elementor-widget-container\">\n\t\t\t\t\t<h6 class=\"elementor-heading-title elementor-size-default\">Contacts<\/h6>\t\t\t\t<\/div>\n\t\t\t\t<\/div>\n\t\t\t\t<div class=\"elementor-element elementor-element-93616e3 elementor-widget elementor-widget-text-editor\" data-id=\"93616e3\" data-element_type=\"widget\" data-e-type=\"widget\" data-widget_type=\"text-editor.default\">\n\t\t\t\t<div class=\"elementor-widget-container\">\n\t\t\t\t\t\t\t\t\t<p>3 rue H\u00e9l\u00e8ne Boucher 10600 LA CHAPELLE St LUC<\/p><p>03 25 79 83 82<\/p><p>09 51 85 70 72<\/p><p><a href=\"famille.saintluc@wanadoo.fr\">famille.saintluc@wanadoo.fr<\/a><\/p><p><a href=\"http:\/\/famille-saintluc.fr\">http:\/\/famille-saintluc.fr<\/a><\/p>\t\t\t\t\t\t\t\t<\/div>\n\t\t\t\t<\/div>\n\t\t\t\t<\/div>\n\t\t\t\t<\/div>\n\t\t<div class=\"elementor-element elementor-element-c716946 e-con-full e-flex e-con e-child\" data-id=\"c716946\" data-element_type=\"container\" data-e-type=\"container\" data-settings=\"{&quot;background_background&quot;:&quot;classic&quot;}\">\n\t\t<div class=\"elementor-element elementor-element-49a9025 e-con-full e-flex e-con e-child\" data-id=\"49a9025\" data-element_type=\"container\" data-e-type=\"container\" data-settings=\"{&quot;background_background&quot;:&quot;classic&quot;}\">\n\t\t\t\t<div class=\"elementor-element elementor-element-9ace5e5 elementor-widget elementor-widget-heading\" data-id=\"9ace5e5\" data-element_type=\"widget\" data-e-type=\"widget\" data-widget_type=\"heading.default\">\n\t\t\t\t<div class=\"elementor-widget-container\">\n\t\t\t\t\t<h6 class=\"elementor-heading-title elementor-size-default\">Horaires<\/h6>\t\t\t\t<\/div>\n\t\t\t\t<\/div>\n\t\t\t\t<div class=\"elementor-element elementor-element-24dbd6e elementor-widget elementor-widget-text-editor\" data-id=\"24dbd6e\" data-element_type=\"widget\" data-e-type=\"widget\" data-widget_type=\"text-editor.default\">\n\t\t\t\t<div class=\"elementor-widget-container\">\n\t\t\t\t\t\t\t\t\t<p>Du lundi au vendredi : 9h &#8211; 12h et 13h30 &#8211; 17h45<\/p>\t\t\t\t\t\t\t\t<\/div>\n\t\t\t\t<\/div>\n\t\t\t\t<\/div>\n\t\t\t\t<\/div>\n\t\t<div class=\"elementor-element elementor-element-9a65298 e-con-full e-flex e-con e-child\" data-id=\"9a65298\" data-element_type=\"container\" data-e-type=\"container\" data-settings=\"{&quot;background_background&quot;:&quot;classic&quot;}\">\n\t\t<div class=\"elementor-element elementor-element-9690b19 e-con-full e-flex e-con e-child\" data-id=\"9690b19\" data-element_type=\"container\" data-e-type=\"container\" data-settings=\"{&quot;background_background&quot;:&quot;classic&quot;}\">\n\t\t\t\t<div class=\"elementor-element elementor-element-5cc60af elementor-widget elementor-widget-heading\" data-id=\"5cc60af\" data-element_type=\"widget\" data-e-type=\"widget\" data-widget_type=\"heading.default\">\n\t\t\t\t<div class=\"elementor-widget-container\">\n\t\t\t\t\t<h6 class=\"elementor-heading-title elementor-size-default\">Services \/ dispositifs\u200b<\/h6>\t\t\t\t<\/div>\n\t\t\t\t<\/div>\n\t\t\t\t<div class=\"elementor-element elementor-element-79b31bb elementor-widget__width-initial elementor-widget elementor-widget-text-editor\" data-id=\"79b31bb\" data-element_type=\"widget\" data-e-type=\"widget\" data-widget_type=\"text-editor.default\">\n\t\t\t\t<div class=\"elementor-widget-container\">\n\t\t\t\t\t\t\t\t\t<div class=\"elementor-element elementor-element-5a0495a elementor-widget elementor-widget-heading\" data-id=\"5a0495a\" data-element_type=\"widget\" data-widget_type=\"heading.default\"><div class=\"elementor-widget-container\"><h6 class=\"elementor-heading-title elementor-size-default\">Services \/ dispositifs\u200b<\/h6><\/div><\/div><div class=\"elementor-element elementor-element-1535775 elementor-widget__width-initial elementor-widget elementor-widget-text-editor\" data-id=\"1535775\" data-element_type=\"widget\" data-widget_type=\"text-editor.default\"><div class=\"elementor-widget-container\"><p data-start=\"475\" data-end=\"741\">Objectif Fran\u00e7ais propose des formations linguistiques sur mesure, de l\u2019alphab\u00e9tisation \u00e0 l\u2019autonomie professionnelle, visant \u00e0 renforcer la ma\u00eetrise du fran\u00e7ais dans la vie quotidienne et en contexte professionnel.<br data-start=\"706\" data-end=\"709\" \/>Les parcours propos\u00e9s couvrent :<\/p><p data-start=\"744\" data-end=\"810\">l\u2019Alpha Lecture\/\u00c9criture pour adultes non ou peu scolaris\u00e9s,<\/p><p data-start=\"744\" data-end=\"810\">le FLE \/ FLP A1 pour acqu\u00e9rir le fran\u00e7ais essentiel \u00e0 la communication et au travail,<\/p><p data-start=\"907\" data-end=\"1151\">le FLP A2\/B1 pour renforcer l\u2019expression orale et \u00e9crite, la compr\u00e9hension de documents professionnels et l\u2019int\u00e9gration en milieu de travail.<br data-start=\"1052\" data-end=\"1055\" \/>L\u2019approche est progressive, professionnalisante et adapt\u00e9e aux besoins des publics en insertion.<\/p><\/div><\/div>\t\t\t\t\t\t\t\t<\/div>\n\t\t\t\t<\/div>\n\t\t\t\t<\/div>\n\t\t\t\t<\/div>\n\t\t<div class=\"elementor-element elementor-element-68d7ff6 e-con-full e-flex e-con e-child\" data-id=\"68d7ff6\" data-element_type=\"container\" data-e-type=\"container\" data-settings=\"{&quot;background_background&quot;:&quot;classic&quot;}\">\n\t\t<div class=\"elementor-element elementor-element-b1b203a e-con-full e-flex e-con e-child\" data-id=\"b1b203a\" data-element_type=\"container\" data-e-type=\"container\" data-settings=\"{&quot;background_background&quot;:&quot;classic&quot;}\">\n\t\t\t\t<div class=\"elementor-element elementor-element-5acdb50 elementor-widget elementor-widget-heading\" data-id=\"5acdb50\" data-element_type=\"widget\" data-e-type=\"widget\" data-widget_type=\"heading.default\">\n\t\t\t\t<div class=\"elementor-widget-container\">\n\t\t\t\t\t<h6 class=\"elementor-heading-title elementor-size-default\">Conditions d'acc\u00e8s et fonctionnement\u200b<\/h6>\t\t\t\t<\/div>\n\t\t\t\t<\/div>\n\t\t\t\t<div class=\"elementor-element elementor-element-a866668 elementor-widget__width-initial elementor-widget elementor-widget-text-editor\" data-id=\"a866668\" data-element_type=\"widget\" data-e-type=\"widget\" data-widget_type=\"text-editor.default\">\n\t\t\t\t<div class=\"elementor-widget-container\">\n\t\t\t\t\t\t\t\t\t<p data-start=\"227\" data-end=\"660\">Les ateliers sociolinguistiques (ASL) s\u2019adressent \u00e0 des personnes allophones et visent l\u2019acquisition ou le renforcement des comp\u00e9tences en fran\u00e7ais afin de favoriser l\u2019autonomie dans la vie quotidienne et sociale. Les parcours propos\u00e9s couvrent l\u2019alphab\u00e9tisation, avec des s\u00e9ances collectives compl\u00e9t\u00e9es par un accompagnement individuel, ainsi que des niveaux A1 \u00e0 B2, sur des cycles de cinq mois renouvelables.<\/p><p data-start=\"662\" data-end=\"1148\">Le dispositif Fran\u00e7ais Langue Professionnelle (FLP) est destin\u00e9 aux salari\u00e9s des ACI et aux demandeurs d\u2019emploi orient\u00e9s par les SIAE, r\u00e9sidant en quartiers prioritaires et disposant d\u2019un CIR \u00e0 jour. Il propose une formation intensive de 14 heures par semaine, organis\u00e9e en groupes de niveaux (A1 ou B1), sur des parcours de six \u00e0 huit mois, afin de faciliter l\u2019acc\u00e8s \u00e0 l\u2019emploi ou \u00e0 la formation et de renforcer la communication en contexte professionnel.<\/p><p data-start=\"1150\" data-end=\"1511\">L\u2019acc\u00e8s aux formations se fait apr\u00e8s un positionnement linguistique, r\u00e9alis\u00e9 par un formateur ou par la structure prescriptrice. Les actions sont financ\u00e9es par la Politique de la Ville. Une participation financi\u00e8re mod\u00e9r\u00e9e est demand\u00e9e aux participants : 10 \u20ac pour les ASL et 50 \u20ac pour les ateliers FLP, assortie d\u2019une adh\u00e9sion annuelle.<\/p>\t\t\t\t\t\t\t\t<\/div>\n\t\t\t\t<\/div>\n\t\t\t\t<\/div>\n\t\t\t\t<\/div>\n\t\t\t\t\t<\/div>\n\t\t\t\t<\/div>\n\t\t<div class=\"elementor-element elementor-element-20b1e71 e-flex e-con-boxed e-con e-parent\" data-id=\"20b1e71\" data-element_type=\"container\" data-e-type=\"container\">\n\t\t\t\t\t<div class=\"e-con-inner\">\n\t\t\t\t<div class=\"elementor-element elementor-element-cbe42c1 elementor-widget elementor-widget-google_maps\" data-id=\"cbe42c1\" data-element_type=\"widget\" data-e-type=\"widget\" data-widget_type=\"google_maps.default\">\n\t\t\t\t<div class=\"elementor-widget-container\">\n\t\t\t\t\t\t\t<div class=\"elementor-custom-embed\">\n\t\t\t<iframe loading=\"lazy\"\n\t\t\t\t\tsrc=\"https:\/\/maps.google.com\/maps?q=3%20rue%20H%C3%A9l%C3%A8ne%20Boucher%2010600%20LA%20CHAPELLE%20St%20LUC&#038;t=m&#038;z=15&#038;output=embed&#038;iwloc=near\"\n\t\t\t\t\ttitle=\"3 rue H\u00e9l\u00e8ne Boucher 10600 LA CHAPELLE St LUC\"\n\t\t\t\t\taria-label=\"3 rue H\u00e9l\u00e8ne Boucher 10600 LA CHAPELLE St LUC\"\n\t\t\t><\/iframe>\n\t\t<\/div>\n\t\t\t\t\t\t<\/div>\n\t\t\t\t<\/div>\n\t\t\t\t\t<\/div>\n\t\t\t\t<\/div>\n\t\t<div class=\"elementor-element elementor-element-9ea4827 e-flex e-con-boxed e-con e-parent\" data-id=\"9ea4827\" data-element_type=\"container\" data-e-type=\"container\">\n\t\t\t\t\t<div class=\"e-con-inner\">\n\t\t\t\t<div class=\"elementor-element elementor-element-6da870f elementor-widget elementor-widget-spacer\" data-id=\"6da870f\" data-element_type=\"widget\" data-e-type=\"widget\" data-widget_type=\"spacer.default\">\n\t\t\t\t<div class=\"elementor-widget-container\">\n\t\t\t\t\t\t\t<div class=\"elementor-spacer\">\n\t\t\t<div class=\"elementor-spacer-inner\"><\/div>\n\t\t<\/div>\n\t\t\t\t\t\t<\/div>\n\t\t\t\t<\/div>\n\t\t\t\t\t<\/div>\n\t\t\t\t<\/div>\n\t\t\t\t<\/div>\n\t\t","protected":false},"excerpt":{"rendered":"<p>Association familiale de la Chapelle Saint Luc Formation linguistique Aide aux devoirs\/ Alpha \/ ASL \/ FLP Contacts 3 rue H\u00e9l\u00e8ne Boucher 10600 LA CHAPELLE St LUC 03 25 79 83 82 09 51 85 70 72 famille.saintluc@wanadoo.fr http:\/\/famille-saintluc.fr Horaires Du lundi au vendredi : 9h &#8211; 12h et 13h30 &#8211; 17h45 Services \/ dispositifs\u200b [&hellip;]<\/p>\n","protected":false},"author":1,"featured_media":0,"parent":0,"menu_order":0,"comment_status":"closed","ping_status":"closed","template":"","meta":{"ocean_post_layout":"","ocean_both_sidebars_style":"","ocean_both_sidebars_content_width":0,"ocean_both_sidebars_sidebars_width":0,"ocean_sidebar":"","ocean_second_sidebar":"","ocean_disable_margins":"enable","ocean_add_body_class":"","ocean_shortcode_before_top_bar":"","ocean_shortcode_after_top_bar":"","ocean_shortcode_before_header":"","ocean_shortcode_after_header":"","ocean_has_shortcode":"","ocean_shortcode_after_title":"","ocean_shortcode_before_footer_widgets":"","ocean_shortcode_after_footer_widgets":"","ocean_shortcode_before_footer_bottom":"","ocean_shortcode_after_footer_bottom":"","ocean_display_top_bar":"default","ocean_display_header":"default","ocean_header_style":"","ocean_center_header_left_menu":"","ocean_custom_header_template":"","ocean_custom_logo":0,"ocean_custom_retina_logo":0,"ocean_custom_logo_max_width":0,"ocean_custom_logo_tablet_max_width":0,"ocean_custom_logo_mobile_max_width":0,"ocean_custom_logo_max_height":0,"ocean_custom_logo_tablet_max_height":0,"ocean_custom_logo_mobile_max_height":0,"ocean_header_custom_menu":"","ocean_menu_typo_font_family":"","ocean_menu_typo_font_subset":"","ocean_menu_typo_font_size":0,"ocean_menu_typo_font_size_tablet":0,"ocean_menu_typo_font_size_mobile":0,"ocean_menu_typo_font_size_unit":"px","ocean_menu_typo_font_weight":"","ocean_menu_typo_font_weight_tablet":"","ocean_menu_typo_font_weight_mobile":"","ocean_menu_typo_transform":"","ocean_menu_typo_transform_tablet":"","ocean_menu_typo_transform_mobile":"","ocean_menu_typo_line_height":0,"ocean_menu_typo_line_height_tablet":0,"ocean_menu_typo_line_height_mobile":0,"ocean_menu_typo_line_height_unit":"","ocean_menu_typo_spacing":0,"ocean_menu_typo_spacing_tablet":0,"ocean_menu_typo_spacing_mobile":0,"ocean_menu_typo_spacing_unit":"","ocean_menu_link_color":"","ocean_menu_link_color_hover":"","ocean_menu_link_color_active":"","ocean_menu_link_background":"","ocean_menu_link_hover_background":"","ocean_menu_link_active_background":"","ocean_menu_social_links_bg":"","ocean_menu_social_hover_links_bg":"","ocean_menu_social_links_color":"","ocean_menu_social_hover_links_color":"","ocean_disable_title":"default","ocean_disable_heading":"default","ocean_post_title":"","ocean_post_subheading":"","ocean_post_title_style":"","ocean_post_title_background_color":"","ocean_post_title_background":0,"ocean_post_title_bg_image_position":"","ocean_post_title_bg_image_attachment":"","ocean_post_title_bg_image_repeat":"","ocean_post_title_bg_image_size":"","ocean_post_title_height":0,"ocean_post_title_bg_overlay":0.5,"ocean_post_title_bg_overlay_color":"","ocean_disable_breadcrumbs":"default","ocean_breadcrumbs_color":"","ocean_breadcrumbs_separator_color":"","ocean_breadcrumbs_links_color":"","ocean_breadcrumbs_links_hover_color":"","ocean_display_footer_widgets":"default","ocean_display_footer_bottom":"default","ocean_custom_footer_template":"","footnotes":""},"class_list":["post-1641","page","type-page","status-publish","hentry","entry"],"_links":{"self":[{"href":"https:\/\/agir10.org\/cartographie\/index.php?rest_route=\/wp\/v2\/pages\/1641","targetHints":{"allow":["GET"]}}],"collection":[{"href":"https:\/\/agir10.org\/cartographie\/index.php?rest_route=\/wp\/v2\/pages"}],"about":[{"href":"https:\/\/agir10.org\/cartographie\/index.php?rest_route=\/wp\/v2\/types\/page"}],"author":[{"embeddable":true,"href":"https:\/\/agir10.org\/cartographie\/index.php?rest_route=\/wp\/v2\/users\/1"}],"replies":[{"embeddable":true,"href":"https:\/\/agir10.org\/cartographie\/index.php?rest_route=%2Fwp%2Fv2%2Fcomments&post=1641"}],"version-history":[{"count":13,"href":"https:\/\/agir10.org\/cartographie\/index.php?rest_route=\/wp\/v2\/pages\/1641\/revisions"}],"predecessor-version":[{"id":4085,"href":"https:\/\/agir10.org\/cartographie\/index.php?rest_route=\/wp\/v2\/pages\/1641\/revisions\/4085"}],"wp:attachment":[{"href":"https:\/\/agir10.org\/cartographie\/index.php?rest_route=%2Fwp%2Fv2%2Fmedia&parent=1641"}],"curies":[{"name":"wp","href":"https:\/\/api.w.org\/{rel}","templated":true}]}}