{"id":1575,"date":"2024-11-18T15:24:25","date_gmt":"2024-11-18T15:24:25","guid":{"rendered":"https:\/\/agir10.org\/cartographie\/?page_id=1575"},"modified":"2026-01-08T08:56:53","modified_gmt":"2026-01-08T08:56:53","slug":"avim","status":"publish","type":"page","link":"https:\/\/agir10.org\/cartographie\/?page_id=1575","title":{"rendered":"AVIM"},"content":{"rendered":"\t\t<div data-elementor-type=\"wp-page\" data-elementor-id=\"1575\" class=\"elementor elementor-1575\">\n\t\t\t\t<div class=\"elementor-element elementor-element-5bc251b e-flex e-con-boxed e-con e-parent\" data-id=\"5bc251b\" data-element_type=\"container\" data-e-type=\"container\">\n\t\t\t\t\t<div class=\"e-con-inner\">\n\t\t\t\t<div class=\"elementor-element elementor-element-00597a8 elementor-widget elementor-widget-heading\" data-id=\"00597a8\" data-element_type=\"widget\" data-e-type=\"widget\" data-widget_type=\"heading.default\">\n\t\t\t\t<div class=\"elementor-widget-container\">\n\t\t\t\t\t<h2 class=\"elementor-heading-title elementor-size-default\">AVIM-RS Association d\u2019aide aux victimes,\nde m\u00e9diation et de r\u00e9insertion sociale\nFrance Victimes 10<\/h2>\t\t\t\t<\/div>\n\t\t\t\t<\/div>\n\t\t\t\t\t<\/div>\n\t\t\t\t<\/div>\n\t\t<div class=\"elementor-element elementor-element-57a5f6a e-flex e-con-boxed e-con e-parent\" data-id=\"57a5f6a\" data-element_type=\"container\" data-e-type=\"container\">\n\t\t\t\t\t<div class=\"e-con-inner\">\n\t\t\t\t\t<\/div>\n\t\t\t\t<\/div>\n\t\t<div class=\"elementor-element elementor-element-6f28c32 e-flex e-con-boxed e-con e-parent\" data-id=\"6f28c32\" data-element_type=\"container\" data-e-type=\"container\">\n\t\t\t\t\t<div class=\"e-con-inner\">\n\t\t<div class=\"elementor-element elementor-element-9aa7f8e e-con-full e-flex e-con e-child\" data-id=\"9aa7f8e\" data-element_type=\"container\" data-e-type=\"container\" data-settings=\"{&quot;background_background&quot;:&quot;classic&quot;}\">\n\t\t<div class=\"elementor-element elementor-element-17dcb5c e-con-full e-flex e-con e-child\" data-id=\"17dcb5c\" data-element_type=\"container\" data-e-type=\"container\" data-settings=\"{&quot;background_background&quot;:&quot;classic&quot;}\">\n\t\t\t\t<div class=\"elementor-element elementor-element-19c9175 elementor-widget elementor-widget-heading\" data-id=\"19c9175\" data-element_type=\"widget\" data-e-type=\"widget\" data-widget_type=\"heading.default\">\n\t\t\t\t<div class=\"elementor-widget-container\">\n\t\t\t\t\t<h6 class=\"elementor-heading-title elementor-size-default\"><a href=\"http:\/\/-\">SOCIAL \u2013 DROIT \/ JUSTICE \/ MEDIATION\n\n<\/a><\/h6>\t\t\t\t<\/div>\n\t\t\t\t<\/div>\n\t\t\t\t<\/div>\n\t\t\t\t<\/div>\n\t\t<div class=\"elementor-element elementor-element-af803aa e-con-full e-flex e-con e-child\" data-id=\"af803aa\" data-element_type=\"container\" data-e-type=\"container\" data-settings=\"{&quot;background_background&quot;:&quot;classic&quot;}\">\n\t\t<div class=\"elementor-element elementor-element-e4cf43d e-con-full e-flex e-con e-child\" data-id=\"e4cf43d\" data-element_type=\"container\" data-e-type=\"container\" data-settings=\"{&quot;background_background&quot;:&quot;classic&quot;}\">\n\t\t\t\t<div class=\"elementor-element elementor-element-6de94a4 elementor-widget elementor-widget-heading\" data-id=\"6de94a4\" data-element_type=\"widget\" data-e-type=\"widget\" data-widget_type=\"heading.default\">\n\t\t\t\t<div class=\"elementor-widget-container\">\n\t\t\t\t\t<h6 class=\"elementor-heading-title elementor-size-default\">Contacts<\/h6>\t\t\t\t<\/div>\n\t\t\t\t<\/div>\n\t\t\t\t<div class=\"elementor-element elementor-element-93616e3 elementor-widget elementor-widget-text-editor\" data-id=\"93616e3\" data-element_type=\"widget\" data-e-type=\"widget\" data-widget_type=\"text-editor.default\">\n\t\t\t\t<div class=\"elementor-widget-container\">\n\t\t\t\t\t\t\t\t\t<p><span style=\"font-size: 14px;\">14, rue Jean-Louis Delaporte\u00a0<\/span><span style=\"font-size: 14px;\">10000 Troyes<\/span><\/p><p><a href=\"mailto:avim10@wanadoo.fr\">avim10@wanadoo.fr<\/a><\/p><p>03 25 73 78 78<\/p><p><a href=\"https:\/\/www.avimrsfv10.fr\/\"><span style=\"font-family: Roboto, sans-serif; font-size: 14px; font-style: normal; font-variant-ligatures: normal; font-variant-caps: normal; font-weight: 400;\">https:\/\/www.avimrsfv10.fr\/<\/span><\/a><\/p>\t\t\t\t\t\t\t\t<\/div>\n\t\t\t\t<\/div>\n\t\t\t\t<\/div>\n\t\t\t\t<\/div>\n\t\t<div class=\"elementor-element elementor-element-c716946 e-con-full e-flex e-con e-child\" data-id=\"c716946\" data-element_type=\"container\" data-e-type=\"container\" data-settings=\"{&quot;background_background&quot;:&quot;classic&quot;}\">\n\t\t<div class=\"elementor-element elementor-element-49a9025 e-con-full e-flex e-con e-child\" data-id=\"49a9025\" data-element_type=\"container\" data-e-type=\"container\" data-settings=\"{&quot;background_background&quot;:&quot;classic&quot;}\">\n\t\t\t\t<div class=\"elementor-element elementor-element-9ace5e5 elementor-widget elementor-widget-heading\" data-id=\"9ace5e5\" data-element_type=\"widget\" data-e-type=\"widget\" data-widget_type=\"heading.default\">\n\t\t\t\t<div class=\"elementor-widget-container\">\n\t\t\t\t\t<h6 class=\"elementor-heading-title elementor-size-default\">Horaires<\/h6>\t\t\t\t<\/div>\n\t\t\t\t<\/div>\n\t\t\t\t<div class=\"elementor-element elementor-element-24dbd6e elementor-widget elementor-widget-text-editor\" data-id=\"24dbd6e\" data-element_type=\"widget\" data-e-type=\"widget\" data-widget_type=\"text-editor.default\">\n\t\t\t\t<div class=\"elementor-widget-container\">\n\t\t\t\t\t\t\t\t\t<p><span data-fusion-font=\"true\">Du lundi au vendredi : <\/span><span data-fusion-font=\"true\">9h \u2013 12h et <\/span><span data-fusion-font=\"true\">14h \u2013 17h<\/span><\/p>\t\t\t\t\t\t\t\t<\/div>\n\t\t\t\t<\/div>\n\t\t\t\t<\/div>\n\t\t\t\t<\/div>\n\t\t<div class=\"elementor-element elementor-element-9a65298 e-con-full e-flex e-con e-child\" data-id=\"9a65298\" data-element_type=\"container\" data-e-type=\"container\" data-settings=\"{&quot;background_background&quot;:&quot;classic&quot;}\">\n\t\t<div class=\"elementor-element elementor-element-9690b19 e-con-full e-flex e-con e-child\" data-id=\"9690b19\" data-element_type=\"container\" data-e-type=\"container\" data-settings=\"{&quot;background_background&quot;:&quot;classic&quot;}\">\n\t\t\t\t<div class=\"elementor-element elementor-element-5cc60af elementor-widget elementor-widget-heading\" data-id=\"5cc60af\" data-element_type=\"widget\" data-e-type=\"widget\" data-widget_type=\"heading.default\">\n\t\t\t\t<div class=\"elementor-widget-container\">\n\t\t\t\t\t<h6 class=\"elementor-heading-title elementor-size-default\">Services \/ dispositifs\u200b<\/h6>\t\t\t\t<\/div>\n\t\t\t\t<\/div>\n\t\t\t\t<div class=\"elementor-element elementor-element-79b31bb elementor-widget__width-initial elementor-widget elementor-widget-text-editor\" data-id=\"79b31bb\" data-element_type=\"widget\" data-e-type=\"widget\" data-widget_type=\"text-editor.default\">\n\t\t\t\t<div class=\"elementor-widget-container\">\n\t\t\t\t\t\t\t\t\t<p>France Victimes 10 (AVIM-RS FV10) est une association loi 1901 agr\u00e9\u00e9e par le minist\u00e8re de la Justice, intervenant \u00e0 Troyes pour l\u2019aide aux victimes d\u2019infractions p\u00e9nales et l\u2019accompagnement \u00e0 la r\u00e9insertion sociale.<br data-start=\"559\" data-end=\"562\" \/>L\u2019association propose un accueil, une \u00e9coute, une information juridique et une prise en charge psychologique, ainsi que des dispositifs sp\u00e9cialis\u00e9s, notamment pour les victimes de violences conjugales.<br data-start=\"771\" data-end=\"774\" \/>Elle intervient \u00e9galement dans le champ de la m\u00e9diation p\u00e9nale et du suivi socio-\u00e9ducati<strong data-start=\"847\" data-end=\"871\">f<\/strong>, en lien \u00e9troit avec les autorit\u00e9s judiciaires.<\/p>\t\t\t\t\t\t\t\t<\/div>\n\t\t\t\t<\/div>\n\t\t\t\t<\/div>\n\t\t\t\t<\/div>\n\t\t<div class=\"elementor-element elementor-element-68d7ff6 e-con-full e-flex e-con e-child\" data-id=\"68d7ff6\" data-element_type=\"container\" data-e-type=\"container\" data-settings=\"{&quot;background_background&quot;:&quot;classic&quot;}\">\n\t\t<div class=\"elementor-element elementor-element-b1b203a e-con-full e-flex e-con e-child\" data-id=\"b1b203a\" data-element_type=\"container\" data-e-type=\"container\" data-settings=\"{&quot;background_background&quot;:&quot;classic&quot;}\">\n\t\t\t\t<div class=\"elementor-element elementor-element-5acdb50 elementor-widget elementor-widget-heading\" data-id=\"5acdb50\" data-element_type=\"widget\" data-e-type=\"widget\" data-widget_type=\"heading.default\">\n\t\t\t\t<div class=\"elementor-widget-container\">\n\t\t\t\t\t<h6 class=\"elementor-heading-title elementor-size-default\">Conditions d'acc\u00e8s et fonctionnement\u200b<\/h6>\t\t\t\t<\/div>\n\t\t\t\t<\/div>\n\t\t\t\t<div class=\"elementor-element elementor-element-a866668 elementor-widget__width-initial elementor-widget elementor-widget-text-editor\" data-id=\"a866668\" data-element_type=\"widget\" data-e-type=\"widget\" data-widget_type=\"text-editor.default\">\n\t\t\t\t<div class=\"elementor-widget-container\">\n\t\t\t\t\t\t\t\t\t<p>Accueil gratuit, confidentiel et sur rendez-vous, \u00e0 destination de toute victime d\u2019infraction p\u00e9nale, d\u00e8s la commission des faits et tout au long de la proc\u00e9dure judiciaire.<br data-start=\"1151\" data-end=\"1154\" \/>Acc\u00e8s possible par d\u00e9marche directe de la personne ou par orientation des partenaires (justice, services sociaux, associations).<br data-start=\"1290\" data-end=\"1293\" \/>Prise en charge assur\u00e9e par une \u00e9quipe pluridisciplinaire (juristes, psychologues, travailleurs sociaux), en lien avec le Procureur de la R\u00e9publique.<br data-start=\"1450\" data-end=\"1453\" \/>L\u2019association est adh\u00e9rente aux r\u00e9seaux France Victimes et Citoyens et Justice.<\/p>\t\t\t\t\t\t\t\t<\/div>\n\t\t\t\t<\/div>\n\t\t\t\t<\/div>\n\t\t\t\t<\/div>\n\t\t\t\t\t<\/div>\n\t\t\t\t<\/div>\n\t\t<div class=\"elementor-element elementor-element-20b1e71 e-flex e-con-boxed e-con e-parent\" data-id=\"20b1e71\" data-element_type=\"container\" data-e-type=\"container\">\n\t\t\t\t\t<div class=\"e-con-inner\">\n\t\t\t\t<div class=\"elementor-element elementor-element-cbe42c1 elementor-widget elementor-widget-google_maps\" data-id=\"cbe42c1\" data-element_type=\"widget\" data-e-type=\"widget\" data-widget_type=\"google_maps.default\">\n\t\t\t\t<div class=\"elementor-widget-container\">\n\t\t\t\t\t\t\t<div class=\"elementor-custom-embed\">\n\t\t\t<iframe loading=\"lazy\"\n\t\t\t\t\tsrc=\"https:\/\/maps.google.com\/maps?q=14%2C%20rue%20Jean-Louis%20Delaporte%2010000%20Troyes&#038;t=m&#038;z=15&#038;output=embed&#038;iwloc=near\"\n\t\t\t\t\ttitle=\"14, rue Jean-Louis Delaporte 10000 Troyes\"\n\t\t\t\t\taria-label=\"14, rue Jean-Louis Delaporte 10000 Troyes\"\n\t\t\t><\/iframe>\n\t\t<\/div>\n\t\t\t\t\t\t<\/div>\n\t\t\t\t<\/div>\n\t\t\t\t\t<\/div>\n\t\t\t\t<\/div>\n\t\t\t\t<\/div>\n\t\t","protected":false},"excerpt":{"rendered":"<p>AVIM-RS Association d\u2019aide aux victimes, de m\u00e9diation et de r\u00e9insertion sociale France Victimes 10 SOCIAL \u2013 DROIT \/ JUSTICE \/ MEDIATION Contacts 14, rue Jean-Louis Delaporte\u00a010000 Troyes avim10@wanadoo.fr 03 25 73 78 78 https:\/\/www.avimrsfv10.fr\/ Horaires Du lundi au vendredi : 9h \u2013 12h et 14h \u2013 17h Services \/ dispositifs\u200b France Victimes 10 (AVIM-RS FV10) [&hellip;]<\/p>\n","protected":false},"author":1,"featured_media":0,"parent":0,"menu_order":0,"comment_status":"closed","ping_status":"closed","template":"","meta":{"ocean_post_layout":"","ocean_both_sidebars_style":"","ocean_both_sidebars_content_width":0,"ocean_both_sidebars_sidebars_width":0,"ocean_sidebar":"","ocean_second_sidebar":"","ocean_disable_margins":"enable","ocean_add_body_class":"","ocean_shortcode_before_top_bar":"","ocean_shortcode_after_top_bar":"","ocean_shortcode_before_header":"","ocean_shortcode_after_header":"","ocean_has_shortcode":"","ocean_shortcode_after_title":"","ocean_shortcode_before_footer_widgets":"","ocean_shortcode_after_footer_widgets":"","ocean_shortcode_before_footer_bottom":"","ocean_shortcode_after_footer_bottom":"","ocean_display_top_bar":"default","ocean_display_header":"default","ocean_header_style":"","ocean_center_header_left_menu":"","ocean_custom_header_template":"","ocean_custom_logo":0,"ocean_custom_retina_logo":0,"ocean_custom_logo_max_width":0,"ocean_custom_logo_tablet_max_width":0,"ocean_custom_logo_mobile_max_width":0,"ocean_custom_logo_max_height":0,"ocean_custom_logo_tablet_max_height":0,"ocean_custom_logo_mobile_max_height":0,"ocean_header_custom_menu":"","ocean_menu_typo_font_family":"","ocean_menu_typo_font_subset":"","ocean_menu_typo_font_size":0,"ocean_menu_typo_font_size_tablet":0,"ocean_menu_typo_font_size_mobile":0,"ocean_menu_typo_font_size_unit":"px","ocean_menu_typo_font_weight":"","ocean_menu_typo_font_weight_tablet":"","ocean_menu_typo_font_weight_mobile":"","ocean_menu_typo_transform":"","ocean_menu_typo_transform_tablet":"","ocean_menu_typo_transform_mobile":"","ocean_menu_typo_line_height":0,"ocean_menu_typo_line_height_tablet":0,"ocean_menu_typo_line_height_mobile":0,"ocean_menu_typo_line_height_unit":"","ocean_menu_typo_spacing":0,"ocean_menu_typo_spacing_tablet":0,"ocean_menu_typo_spacing_mobile":0,"ocean_menu_typo_spacing_unit":"","ocean_menu_link_color":"","ocean_menu_link_color_hover":"","ocean_menu_link_color_active":"","ocean_menu_link_background":"","ocean_menu_link_hover_background":"","ocean_menu_link_active_background":"","ocean_menu_social_links_bg":"","ocean_menu_social_hover_links_bg":"","ocean_menu_social_links_color":"","ocean_menu_social_hover_links_color":"","ocean_disable_title":"default","ocean_disable_heading":"default","ocean_post_title":"","ocean_post_subheading":"","ocean_post_title_style":"","ocean_post_title_background_color":"","ocean_post_title_background":0,"ocean_post_title_bg_image_position":"","ocean_post_title_bg_image_attachment":"","ocean_post_title_bg_image_repeat":"","ocean_post_title_bg_image_size":"","ocean_post_title_height":0,"ocean_post_title_bg_overlay":0.5,"ocean_post_title_bg_overlay_color":"","ocean_disable_breadcrumbs":"default","ocean_breadcrumbs_color":"","ocean_breadcrumbs_separator_color":"","ocean_breadcrumbs_links_color":"","ocean_breadcrumbs_links_hover_color":"","ocean_display_footer_widgets":"default","ocean_display_footer_bottom":"default","ocean_custom_footer_template":"","footnotes":""},"class_list":["post-1575","page","type-page","status-publish","hentry","entry"],"_links":{"self":[{"href":"https:\/\/agir10.org\/cartographie\/index.php?rest_route=\/wp\/v2\/pages\/1575","targetHints":{"allow":["GET"]}}],"collection":[{"href":"https:\/\/agir10.org\/cartographie\/index.php?rest_route=\/wp\/v2\/pages"}],"about":[{"href":"https:\/\/agir10.org\/cartographie\/index.php?rest_route=\/wp\/v2\/types\/page"}],"author":[{"embeddable":true,"href":"https:\/\/agir10.org\/cartographie\/index.php?rest_route=\/wp\/v2\/users\/1"}],"replies":[{"embeddable":true,"href":"https:\/\/agir10.org\/cartographie\/index.php?rest_route=%2Fwp%2Fv2%2Fcomments&post=1575"}],"version-history":[{"count":25,"href":"https:\/\/agir10.org\/cartographie\/index.php?rest_route=\/wp\/v2\/pages\/1575\/revisions"}],"predecessor-version":[{"id":4010,"href":"https:\/\/agir10.org\/cartographie\/index.php?rest_route=\/wp\/v2\/pages\/1575\/revisions\/4010"}],"wp:attachment":[{"href":"https:\/\/agir10.org\/cartographie\/index.php?rest_route=%2Fwp%2Fv2%2Fmedia&parent=1575"}],"curies":[{"name":"wp","href":"https:\/\/api.w.org\/{rel}","templated":true}]}}